{"id":21052,"date":"2022-04-06T05:18:07","date_gmt":"2022-04-06T05:18:07","guid":{"rendered":"https:\/\/www.circuitricardotormo.com\/circuit\/ricardo-tormo\/"},"modified":"2022-07-28T13:45:44","modified_gmt":"2022-07-28T13:45:44","slug":"ricardo-tormo","status":"publish","type":"page","link":"https:\/\/www.circuitricardotormo.com\/ca\/circuit\/ricardo-tormo\/","title":{"rendered":"Ricardo Tormo"},"content":{"rendered":"\t\t<div data-elementor-type=\"wp-page\" data-elementor-id=\"21052\" class=\"elementor elementor-21052 elementor-20604\" data-elementor-post-type=\"page\">\n\t\t\t\t\t\t<section class=\"elementor-section elementor-top-section elementor-element elementor-element-73c259d7 elementor-section-height-min-height elementor-section-boxed elementor-section-height-default elementor-section-items-middle\" data-id=\"73c259d7\" data-element_type=\"section\" data-e-type=\"section\" data-settings=\"{&quot;jet_parallax_layout_list&quot;:[],&quot;background_background&quot;:&quot;video&quot;,&quot;background_video_link&quot;:&quot;https:\\\/\\\/www.youtube.com\\\/watch?v=skg4eylN1iY&quot;,&quot;background_video_start&quot;:40,&quot;background_play_on_mobile&quot;:&quot;yes&quot;,&quot;background_privacy_mode&quot;:&quot;yes&quot;}\">\n\t\t\t\t\t\t\t\t<div class=\"elementor-background-video-container\">\n\t\t\t\t\t\t\t\t\t\t\t\t\t<div class=\"elementor-background-video-embed\" role=\"presentation\"><\/div>\n\t\t\t\t\t\t\t\t\t\t\t\t<\/div>\n\t\t\t\t\t\t\t\t\t<div class=\"elementor-background-overlay\"><\/div>\n\t\t\t\t\t\t\t<div class=\"elementor-container elementor-column-gap-default\">\n\t\t\t\t\t<div class=\"elementor-column elementor-col-100 elementor-top-column elementor-element elementor-element-675d675d\" data-id=\"675d675d\" data-element_type=\"column\" data-e-type=\"column\">\n\t\t\t<div class=\"elementor-widget-wrap\">\n\t\t\t\t\t\t\t<\/div>\n\t\t<\/div>\n\t\t\t\t\t<\/div>\n\t\t<\/section>\n\t\t\t\t<section class=\"elementor-section elementor-top-section elementor-element elementor-element-77b34924 seccion elementor-section-boxed elementor-section-height-default elementor-section-height-default\" data-id=\"77b34924\" data-element_type=\"section\" data-e-type=\"section\" data-settings=\"{&quot;jet_parallax_layout_list&quot;:[]}\">\n\t\t\t\t\t\t<div class=\"elementor-container elementor-column-gap-default\">\n\t\t\t\t\t<div class=\"elementor-column elementor-col-100 elementor-top-column elementor-element elementor-element-c121019\" data-id=\"c121019\" data-element_type=\"column\" data-e-type=\"column\">\n\t\t\t<div class=\"elementor-widget-wrap elementor-element-populated\">\n\t\t\t\t\t\t<section class=\"elementor-section elementor-inner-section elementor-element elementor-element-354d2124 elementor-section-height-min-height elementor-reverse-mobile elementor-reverse-tablet cajaSombraRound elementor-section-boxed elementor-section-height-default\" data-id=\"354d2124\" data-element_type=\"section\" data-e-type=\"section\" data-settings=\"{&quot;jet_parallax_layout_list&quot;:[]}\">\n\t\t\t\t\t\t<div class=\"elementor-container elementor-column-gap-default\">\n\t\t\t\t\t<div class=\"elementor-column elementor-col-50 elementor-inner-column elementor-element elementor-element-3e46af77\" data-id=\"3e46af77\" data-element_type=\"column\" data-e-type=\"column\" data-settings=\"{&quot;background_background&quot;:&quot;classic&quot;}\">\n\t\t\t<div class=\"elementor-widget-wrap elementor-element-populated\">\n\t\t\t\t\t\t<div class=\"elementor-element elementor-element-56e91fad elementor-widget elementor-widget-heading\" data-id=\"56e91fad\" data-element_type=\"widget\" data-e-type=\"widget\" data-widget_type=\"heading.default\">\n\t\t\t\t<div class=\"elementor-widget-container\">\n\t\t\t\t\t<h2 class=\"elementor-heading-title elementor-size-default\">Ricardo Tormo<\/h2>\t\t\t\t<\/div>\n\t\t\t\t<\/div>\n\t\t\t\t<div class=\"elementor-element elementor-element-17cb5961 elementor-widget elementor-widget-heading\" data-id=\"17cb5961\" data-element_type=\"widget\" data-e-type=\"widget\" data-widget_type=\"heading.default\">\n\t\t\t\t<div class=\"elementor-widget-container\">\n\t\t\t\t\t<h2 class=\"elementor-heading-title elementor-size-default\">Ricardo Tormo Blaya \u00e9s el primer valenci\u00e0 Campi\u00f3 del M\u00f3n de Motociclisme, el va aconseguir en dues ocasions en 1978 i en 1981. El seu nom es va incorporar al del *Circuit des del naixement del tra\u00e7at valenci\u00e0 ja que el de Canals va morir durant la construcci\u00f3 d'un dels seus somnis com a pilot, la construcci\u00f3 d'un circuit permanent en la seua terra.<\/h2>\t\t\t\t<\/div>\n\t\t\t\t<\/div>\n\t\t\t\t\t<\/div>\n\t\t<\/div>\n\t\t\t\t<div class=\"elementor-column elementor-col-50 elementor-inner-column elementor-element elementor-element-236b4c96\" data-id=\"236b4c96\" data-element_type=\"column\" data-e-type=\"column\" data-settings=\"{&quot;background_background&quot;:&quot;classic&quot;}\">\n\t\t\t<div class=\"elementor-widget-wrap elementor-element-populated\">\n\t\t\t\t\t\t<div class=\"elementor-element elementor-element-7b58cd40 elementor-widget elementor-widget-spacer\" data-id=\"7b58cd40\" data-element_type=\"widget\" data-e-type=\"widget\" data-widget_type=\"spacer.default\">\n\t\t\t\t<div class=\"elementor-widget-container\">\n\t\t\t\t\t\t\t<div class=\"elementor-spacer\">\n\t\t\t<div class=\"elementor-spacer-inner\"><\/div>\n\t\t<\/div>\n\t\t\t\t\t\t<\/div>\n\t\t\t\t<\/div>\n\t\t\t\t\t<\/div>\n\t\t<\/div>\n\t\t\t\t\t<\/div>\n\t\t<\/section>\n\t\t\t\t\t<\/div>\n\t\t<\/div>\n\t\t\t\t\t<\/div>\n\t\t<\/section>\n\t\t\t\t<section class=\"elementor-section elementor-top-section elementor-element elementor-element-685a9968 seccion elementor-section-boxed elementor-section-height-default elementor-section-height-default\" data-id=\"685a9968\" data-element_type=\"section\" data-e-type=\"section\" data-settings=\"{&quot;jet_parallax_layout_list&quot;:[]}\">\n\t\t\t\t\t\t<div class=\"elementor-container elementor-column-gap-default\">\n\t\t\t\t\t<div class=\"elementor-column elementor-col-50 elementor-top-column elementor-element elementor-element-26b86b34\" data-id=\"26b86b34\" data-element_type=\"column\" data-e-type=\"column\">\n\t\t\t<div class=\"elementor-widget-wrap elementor-element-populated\">\n\t\t\t\t\t\t<div class=\"elementor-element elementor-element-bc90a28 elementor-widget elementor-widget-heading\" data-id=\"bc90a28\" data-element_type=\"widget\" data-e-type=\"widget\" data-widget_type=\"heading.default\">\n\t\t\t\t<div class=\"elementor-widget-container\">\n\t\t\t\t\t<h3 class=\"elementor-heading-title elementor-size-default\">Biograf\u00eda<\/h3>\t\t\t\t<\/div>\n\t\t\t\t<\/div>\n\t\t\t\t<div class=\"elementor-element elementor-element-494b99f elementor-widget elementor-widget-text-editor\" data-id=\"494b99f\" data-element_type=\"widget\" data-e-type=\"widget\" data-widget_type=\"text-editor.default\">\n\t\t\t\t<div class=\"elementor-widget-container\">\n\t\t\t\t\t\t\t\t\tVa n\u00e0ixer el 7 de setembre de 1952 en Ayacor, una pedania de la localitat valenciana de Canals, a la comarca de La Costera. El 27 de desembre de 1998, dies despr\u00e9s de la presentaci\u00f3 oficial del Circuit i nou mesos abans de la celebraci\u00f3 del primer Gran Premi va morir v\u00edctima de la leuc\u00e8mia. Al setembre de 1999 el tra\u00e7at de Cheste es va inaugurar sota el nom de Circuit de la Comunitat Valenciana Ricardo Tormo en el seu honor i record.\r\n\r\nTormo quasi sempre amb mitjans molt limitats va aconseguir proclamar-se en dos ocasiones campi\u00f3 del m\u00f3n en la categoria de 50 cent\u00edmetres c\u00fabics: la primera en 1978 i la segona en 1981 sempre a lloms d&#8217;una Bultaco, encara que la segona vegada sense el suport oficial de la marca.\r\n\r\nA m\u00e9s d&#8217;aqueixos dos Campionats del M\u00f3n, va aconseguir tres Campionats d&#8217;Espanya en la categoria de 50 cc i quatre en la de 125 cc.\r\n<p style=\"text-align: justify;\">Durant la seua carrera <strong>Ricardo Tormo<\/strong> va disputar 62 Grans Premis del <strong><a href=\"http:\/\/www.motogp.com\" target=\"_blank\" rel=\"noopener\">Campionat del M\u00f3n de Motociclisme<\/a><\/strong>, en els quals va aconseguir 19 vict\u00f2ries, 36 podis, 23 poles i quatre voltes r\u00e0pides.<\/p>\t\t\t\t\t\t\t\t<\/div>\n\t\t\t\t<\/div>\n\t\t\t\t\t<\/div>\n\t\t<\/div>\n\t\t\t\t<div class=\"elementor-column elementor-col-50 elementor-top-column elementor-element elementor-element-4c18b0a\" data-id=\"4c18b0a\" data-element_type=\"column\" data-e-type=\"column\">\n\t\t\t<div class=\"elementor-widget-wrap elementor-element-populated\">\n\t\t\t\t\t\t<div class=\"elementor-element elementor-element-212fae2 elementor-widget elementor-widget-image\" data-id=\"212fae2\" data-element_type=\"widget\" data-e-type=\"widget\" data-widget_type=\"image.default\">\n\t\t\t\t<div class=\"elementor-widget-container\">\n\t\t\t\t\t\t\t\t\t\t\t\t\t\t\t<img fetchpriority=\"high\" decoding=\"async\" width=\"720\" height=\"621\" src=\"https:\/\/www.circuitricardotormo.com\/wp-content\/uploads\/2022\/03\/Ricardo-Tormo-Accion-Bultaco-1.jpg\" class=\"attachment-large size-large wp-image-11908\" alt=\"\" srcset=\"https:\/\/binn.wpenginepowered.com\/wp-content\/uploads\/2022\/03\/Ricardo-Tormo-Accion-Bultaco-1.jpg 720w, https:\/\/binn.wpenginepowered.com\/wp-content\/uploads\/2022\/03\/Ricardo-Tormo-Accion-Bultaco-1-300x259.jpg 300w\" sizes=\"(max-width: 720px) 100vw, 720px\" \/>\t\t\t\t\t\t\t\t\t\t\t\t\t\t\t<\/div>\n\t\t\t\t<\/div>\n\t\t\t\t\t<\/div>\n\t\t<\/div>\n\t\t\t\t\t<\/div>\n\t\t<\/section>\n\t\t\t\t<section class=\"elementor-section elementor-top-section elementor-element elementor-element-0e05b0e seccion elementor-section-boxed elementor-section-height-default elementor-section-height-default\" data-id=\"0e05b0e\" data-element_type=\"section\" data-e-type=\"section\" data-settings=\"{&quot;jet_parallax_layout_list&quot;:[]}\">\n\t\t\t\t\t\t<div class=\"elementor-container elementor-column-gap-default\">\n\t\t\t\t\t<div class=\"elementor-column elementor-col-100 elementor-top-column elementor-element elementor-element-e5c2c2f\" data-id=\"e5c2c2f\" data-element_type=\"column\" data-e-type=\"column\">\n\t\t\t<div class=\"elementor-widget-wrap elementor-element-populated\">\n\t\t\t\t\t\t<div class=\"elementor-element elementor-element-fc02bc2 elementor-widget elementor-widget-video\" data-id=\"fc02bc2\" data-element_type=\"widget\" data-e-type=\"widget\" data-settings=\"{&quot;youtube_url&quot;:&quot;https:\\\/\\\/www.youtube.com\\\/watch?v=skg4eylN1iY&quot;,&quot;video_type&quot;:&quot;youtube&quot;,&quot;controls&quot;:&quot;yes&quot;}\" data-widget_type=\"video.default\">\n\t\t\t\t<div class=\"elementor-widget-container\">\n\t\t\t\t\t\t\t<div class=\"elementor-wrapper elementor-open-inline\">\n\t\t\t<div class=\"elementor-video\"><\/div>\t\t<\/div>\n\t\t\t\t\t\t<\/div>\n\t\t\t\t<\/div>\n\t\t\t\t\t<\/div>\n\t\t<\/div>\n\t\t\t\t\t<\/div>\n\t\t<\/section>\n\t\t\t\t<section class=\"elementor-section elementor-top-section elementor-element elementor-element-5e4f968 seccion elementor-reverse-tablet elementor-reverse-mobile elementor-section-boxed elementor-section-height-default elementor-section-height-default\" data-id=\"5e4f968\" data-element_type=\"section\" data-e-type=\"section\" data-settings=\"{&quot;jet_parallax_layout_list&quot;:[]}\">\n\t\t\t\t\t\t<div class=\"elementor-container elementor-column-gap-default\">\n\t\t\t\t\t<div class=\"elementor-column elementor-col-50 elementor-top-column elementor-element elementor-element-f6b3019\" data-id=\"f6b3019\" data-element_type=\"column\" data-e-type=\"column\">\n\t\t\t<div class=\"elementor-widget-wrap elementor-element-populated\">\n\t\t\t\t\t\t<div class=\"elementor-element elementor-element-df4a265 elementor-widget elementor-widget-image\" data-id=\"df4a265\" data-element_type=\"widget\" data-e-type=\"widget\" data-widget_type=\"image.default\">\n\t\t\t\t<div class=\"elementor-widget-container\">\n\t\t\t\t\t\t\t\t\t\t\t\t\t\t\t<img decoding=\"async\" width=\"480\" height=\"320\" src=\"https:\/\/www.circuitricardotormo.com\/wp-content\/uploads\/2022\/03\/Ricardo-Tormo-Calles.jpg\" class=\"attachment-large size-large wp-image-5960\" alt=\"\" srcset=\"https:\/\/binn.wpenginepowered.com\/wp-content\/uploads\/2022\/03\/Ricardo-Tormo-Calles.jpg 480w, https:\/\/binn.wpenginepowered.com\/wp-content\/uploads\/2022\/03\/Ricardo-Tormo-Calles-300x200.jpg 300w\" sizes=\"(max-width: 480px) 100vw, 480px\" \/>\t\t\t\t\t\t\t\t\t\t\t\t\t\t\t<\/div>\n\t\t\t\t<\/div>\n\t\t\t\t\t<\/div>\n\t\t<\/div>\n\t\t\t\t<div class=\"elementor-column elementor-col-50 elementor-top-column elementor-element elementor-element-3b97329\" data-id=\"3b97329\" data-element_type=\"column\" data-e-type=\"column\">\n\t\t\t<div class=\"elementor-widget-wrap elementor-element-populated\">\n\t\t\t\t\t\t<div class=\"elementor-element elementor-element-af23cca elementor-widget elementor-widget-heading\" data-id=\"af23cca\" data-element_type=\"widget\" data-e-type=\"widget\" data-widget_type=\"heading.default\">\n\t\t\t\t<div class=\"elementor-widget-container\">\n\t\t\t\t\t<h3 class=\"elementor-heading-title elementor-size-default\">Carrera esportiva<\/h3>\t\t\t\t<\/div>\n\t\t\t\t<\/div>\n\t\t\t\t<div class=\"elementor-element elementor-element-05b8fec elementor-widget elementor-widget-text-editor\" data-id=\"05b8fec\" data-element_type=\"widget\" data-e-type=\"widget\" data-widget_type=\"text-editor.default\">\n\t\t\t\t<div class=\"elementor-widget-container\">\n\t\t\t\t\t\t\t\t\tRicardo Tormo Blaya es va estrenar en el m\u00f3n de la competici\u00f3 a inicis dels 70, abans fins i tot de comptar amb llic\u00e8ncia per a conduir les motos que pilotava el xicotet Tormo competia als carrers dels pobles de Val\u00e8ncia. En concret la seua primera carrera va ser a Cullera, al novembre de 1970 i va acabar segon. Despr\u00e9s de les primeres retic\u00e8ncies familiars, el jove Tormo aconsegueix la seua primera vict\u00f2ria a Guadassuar en 1972.\r\n\r\nLes portes del Mundial es van obrir en 1973 i Ricardo Tormo ja va sumar el seu primer punt en la seua estrena mundialista en el tra\u00e7at del Jarama a Madrid, mentre que en el Campionat d&#8217;Espanya, el de Canals va obtindre un quart lloc en la general de 50cc, una marca que millorar\u00e0 la seg\u00fcent temporada en la qual finalitza tercer.\t\t\t\t\t\t\t\t<\/div>\n\t\t\t\t<\/div>\n\t\t\t\t\t<\/div>\n\t\t<\/div>\n\t\t\t\t\t<\/div>\n\t\t<\/section>\n\t\t\t\t<section class=\"elementor-section elementor-top-section elementor-element elementor-element-a5e05b0 seccion elementor-section-boxed elementor-section-height-default elementor-section-height-default\" data-id=\"a5e05b0\" data-element_type=\"section\" data-e-type=\"section\" data-settings=\"{&quot;jet_parallax_layout_list&quot;:[]}\">\n\t\t\t\t\t\t<div class=\"elementor-container elementor-column-gap-default\">\n\t\t\t\t\t<div class=\"elementor-column elementor-col-50 elementor-top-column elementor-element elementor-element-d8ed339\" data-id=\"d8ed339\" data-element_type=\"column\" data-e-type=\"column\">\n\t\t\t<div class=\"elementor-widget-wrap elementor-element-populated\">\n\t\t\t\t\t\t<div class=\"elementor-element elementor-element-f4b2cbe elementor-widget elementor-widget-text-editor\" data-id=\"f4b2cbe\" data-element_type=\"widget\" data-e-type=\"widget\" data-widget_type=\"text-editor.default\">\n\t\t\t\t<div class=\"elementor-widget-container\">\n\t\t\t\t\t\t\t\t\tTormo no va tornar al campionat del m\u00f3n fins a 1976 i ja en 1977 va formar al costat de <strong>\u00c1ngel Nieto<\/strong>, l&#8217;equip oficial de\u00a0<strong>Bultaco<\/strong>\u00a0per a disputar el Mundial de 50cc. En l&#8217;\u00faltim Gran Premi de l&#8217;any va aconseguir la seua primera vict\u00f2ria en la m\u00e0xima competici\u00f3 en el circuit suec de\u00a0<strong>Anderstop<\/strong>, sota la pluja, una caracter\u00edstica que li acompanyaria durant tota la seua carrera i que engrandisca la seua figura anys despr\u00e9s del seu comiat, la seua capacitat per a ser r\u00e0pid sobre l&#8217;asfalt mullat marcava la difer\u00e8ncia sobre els seus rivals.\r\n\r\nLa llegenda va escriure les seues primeres l\u00ednies d&#8217;or en la temporada de 1978, el mateix any en qu\u00e8 es retira Giacomo Agostini, el valenci\u00e0 s&#8217;al\u00e7a amb el T\u00edtol Mundial de la categoria de 50cc amb cinc vict\u00f2ries en la Ricardo Tormo Motuls set carreres que formaven el calendari\t\t\t\t\t\t\t\t<\/div>\n\t\t\t\t<\/div>\n\t\t\t\t\t<\/div>\n\t\t<\/div>\n\t\t\t\t<div class=\"elementor-column elementor-col-50 elementor-top-column elementor-element elementor-element-b2743cd\" data-id=\"b2743cd\" data-element_type=\"column\" data-e-type=\"column\">\n\t\t\t<div class=\"elementor-widget-wrap elementor-element-populated\">\n\t\t\t\t\t\t<div class=\"elementor-element elementor-element-a44a3d6 elementor-widget elementor-widget-image\" data-id=\"a44a3d6\" data-element_type=\"widget\" data-e-type=\"widget\" data-widget_type=\"image.default\">\n\t\t\t\t<div class=\"elementor-widget-container\">\n\t\t\t\t\t\t\t\t\t\t\t\t\t\t\t<img decoding=\"async\" width=\"720\" height=\"480\" src=\"https:\/\/www.circuitricardotormo.com\/wp-content\/uploads\/2022\/03\/Ricardo-Tormo-Podium.jpg\" class=\"attachment-large size-large wp-image-5972\" alt=\"\" srcset=\"https:\/\/binn.wpenginepowered.com\/wp-content\/uploads\/2022\/03\/Ricardo-Tormo-Podium.jpg 720w, https:\/\/binn.wpenginepowered.com\/wp-content\/uploads\/2022\/03\/Ricardo-Tormo-Podium-300x200.jpg 300w\" sizes=\"(max-width: 720px) 100vw, 720px\" \/>\t\t\t\t\t\t\t\t\t\t\t\t\t\t\t<\/div>\n\t\t\t\t<\/div>\n\t\t\t\t\t<\/div>\n\t\t<\/div>\n\t\t\t\t\t<\/div>\n\t\t<\/section>\n\t\t\t\t<section class=\"elementor-section elementor-top-section elementor-element elementor-element-8ce8b0e seccion elementor-reverse-tablet elementor-reverse-mobile elementor-section-boxed elementor-section-height-default elementor-section-height-default\" data-id=\"8ce8b0e\" data-element_type=\"section\" data-e-type=\"section\" data-settings=\"{&quot;jet_parallax_layout_list&quot;:[]}\">\n\t\t\t\t\t\t<div class=\"elementor-container elementor-column-gap-default\">\n\t\t\t\t\t<div class=\"elementor-column elementor-col-50 elementor-top-column elementor-element elementor-element-56e56ab\" data-id=\"56e56ab\" data-element_type=\"column\" data-e-type=\"column\">\n\t\t\t<div class=\"elementor-widget-wrap elementor-element-populated\">\n\t\t\t\t\t\t<div class=\"elementor-element elementor-element-8a8e783 elementor-widget elementor-widget-image\" data-id=\"8a8e783\" data-element_type=\"widget\" data-e-type=\"widget\" data-widget_type=\"image.default\">\n\t\t\t\t<div class=\"elementor-widget-container\">\n\t\t\t\t\t\t\t\t\t\t\t\t\t\t\t<img loading=\"lazy\" decoding=\"async\" width=\"518\" height=\"345\" src=\"https:\/\/www.circuitricardotormo.com\/wp-content\/uploads\/2022\/03\/Ricardo-Tormo-Motul.jpg\" class=\"attachment-large size-large wp-image-5969\" alt=\"\" srcset=\"https:\/\/binn.wpenginepowered.com\/wp-content\/uploads\/2022\/03\/Ricardo-Tormo-Motul.jpg 518w, https:\/\/binn.wpenginepowered.com\/wp-content\/uploads\/2022\/03\/Ricardo-Tormo-Motul-300x200.jpg 300w\" sizes=\"(max-width: 518px) 100vw, 518px\" \/>\t\t\t\t\t\t\t\t\t\t\t\t\t\t\t<\/div>\n\t\t\t\t<\/div>\n\t\t\t\t\t<\/div>\n\t\t<\/div>\n\t\t\t\t<div class=\"elementor-column elementor-col-50 elementor-top-column elementor-element elementor-element-cdc56d2\" data-id=\"cdc56d2\" data-element_type=\"column\" data-e-type=\"column\">\n\t\t\t<div class=\"elementor-widget-wrap elementor-element-populated\">\n\t\t\t\t\t\t<div class=\"elementor-element elementor-element-c58a8d0 elementor-widget elementor-widget-text-editor\" data-id=\"c58a8d0\" data-element_type=\"widget\" data-e-type=\"widget\" data-widget_type=\"text-editor.default\">\n\t\t\t\t<div class=\"elementor-widget-container\">\n\t\t\t\t\t\t\t\t\tEn 1981 reedita el t\u00edtol de 50cc amb una Bultaco despr\u00e9s de guanyar les sis carreres en les quals participa. En 1983 al costat d&#8217;un llavors jove Jorge Mart\u00ednez \u201cAspar\u201d (apadrinat aquest pel pilot de Canals), Tormo fitxa per Derbi per a afrontar el pr\u00f2xim Campionat del M\u00f3n de 1984 en la nova categoria de 80cc.\r\n\r\nEn el primer Gran Premi del Mundial d&#8217;aqueix any disputat en Misano Tormo trenca quan anava en segon lloc i no pot acabar la carrera. El seg\u00fcent Gran Premi en era en el circuit del Jarama. Abans d&#8217;aquesta cita, Tormo visita la factoria que Derbi tenia a Mollet, on se li va proposar provar les millores mec\u00e0niques que s&#8217;havien realitzat en la seua moto. El test va tindre lloc en el pol\u00edgon industrial de Martorellas (Barcelona), pr\u00f2xim a la f\u00e0brica Derbi. Aquell 24 d&#8217;abril de 1984, Ricardo va xocar contra un cotxe que circulava per aquella zona.\r\n\r\nA conseq\u00fc\u00e8ncia de l&#8217;accident, Tormo es va destrossar la cama dreta i va veure truncades les seues possibilitats de tornar a les pistes. A m\u00e9s, aquest fet l&#8217;obligaria a sotmetre&#8217;s a una innombrable successi\u00f3 d&#8217;intervencions quir\u00fargiques.\t\t\t\t\t\t\t\t<\/div>\n\t\t\t\t<\/div>\n\t\t\t\t\t<\/div>\n\t\t<\/div>\n\t\t\t\t\t<\/div>\n\t\t<\/section>\n\t\t\t\t<section class=\"elementor-section elementor-top-section elementor-element elementor-element-c916748 seccion elementor-section-boxed elementor-section-height-default elementor-section-height-default\" data-id=\"c916748\" data-element_type=\"section\" data-e-type=\"section\" data-settings=\"{&quot;jet_parallax_layout_list&quot;:[]}\">\n\t\t\t\t\t\t<div class=\"elementor-container elementor-column-gap-default\">\n\t\t\t\t\t<div class=\"elementor-column elementor-col-50 elementor-top-column elementor-element elementor-element-688dce6\" data-id=\"688dce6\" data-element_type=\"column\" data-e-type=\"column\">\n\t\t\t<div class=\"elementor-widget-wrap elementor-element-populated\">\n\t\t\t\t\t\t<div class=\"elementor-element elementor-element-6f60bf7 elementor-widget elementor-widget-text-editor\" data-id=\"6f60bf7\" data-element_type=\"widget\" data-e-type=\"widget\" data-widget_type=\"text-editor.default\">\n\t\t\t\t<div class=\"elementor-widget-container\">\n\t\t\t\t\t\t\t\t\tDes de llavors, Ricardo Tormo va seguir lligat al m\u00f3n de les dues rodes, sobretot ajudant a pilots joves amb talent. Tamb\u00e9 va participar en iniciatives emmarcades dins de l&#8217;\u00e0mbit de l&#8217;educaci\u00f3 vi\u00e0ria. En 1994, va ser condecorat amb la m\u00e9s\u00a0<strong>Alta Distinci\u00f3<\/strong>\u00a0de la\u00a0<strong><a href=\"http:\/\/www.gva.es\/\" target=\"_blank\" rel=\"noopener\">Generalitat Valenciana<\/a><\/strong>. Abans ja havia rebut la Medalla\u00a0d&#8217;Or al M\u00e8rit Motociclista de la\u00a0<strong><a href=\"http:\/\/www.rfme.com\/web\" target=\"_blank\" rel=\"noopener\">RFME<\/a>\u00a0<\/strong>i la Ins\u00edgnia d&#8217;Or i Brillants de el\u00a0<strong><a href=\"http:\/\/www.valenciacf.es\/\" target=\"_blank\" rel=\"noopener\">Val\u00e8ncia Club de Futbol<\/a><\/strong>.\r\n\r\nEl\u00a027 de desembre\u00a0de\u00a01998, uns dies despr\u00e9s de la presentaci\u00f3 del Circuit de la Comunitat Valenciana davant els aficionats al motociclisme\u00a0en el Palau Luis Puig, Ricardo Tormo va morir en\u00a0<strong>Val\u00e8ncia<\/strong>\u00a0afligit\u00a0de\u00a0leuc\u00e8mia.\r\n\r\nFOTOS:\u00a0<strong><a href=\"https:\/\/www.facebook.com\/ricardo.tormo.campeon.del.mundo\/?fref=ts\" target=\"_blank\" rel=\"noopener\">P\u00e0gina de Facebook \u201cRicardo Tormo Campe\u00f3n del M\u00f3n\u201d<\/a><\/strong>\t\t\t\t\t\t\t\t<\/div>\n\t\t\t\t<\/div>\n\t\t\t\t\t<\/div>\n\t\t<\/div>\n\t\t\t\t<div class=\"elementor-column elementor-col-50 elementor-top-column elementor-element elementor-element-e6bbd4a\" data-id=\"e6bbd4a\" data-element_type=\"column\" data-e-type=\"column\">\n\t\t\t<div class=\"elementor-widget-wrap elementor-element-populated\">\n\t\t\t\t\t\t<div class=\"elementor-element elementor-element-bd714b2 elementor-widget elementor-widget-image\" data-id=\"bd714b2\" data-element_type=\"widget\" data-e-type=\"widget\" data-widget_type=\"image.default\">\n\t\t\t\t<div class=\"elementor-widget-container\">\n\t\t\t\t\t\t\t\t\t\t\t\t\t\t\t<img loading=\"lazy\" decoding=\"async\" width=\"960\" height=\"639\" src=\"https:\/\/www.circuitricardotormo.com\/wp-content\/uploads\/2022\/03\/Champi-Herreros-JorgeMartinez-Aspar-Angel-Nieto-Ricardo-Tormo.jpg\" class=\"attachment-large size-large wp-image-5978\" alt=\"\" srcset=\"https:\/\/binn.wpenginepowered.com\/wp-content\/uploads\/2022\/03\/Champi-Herreros-JorgeMartinez-Aspar-Angel-Nieto-Ricardo-Tormo.jpg 960w, https:\/\/binn.wpenginepowered.com\/wp-content\/uploads\/2022\/03\/Champi-Herreros-JorgeMartinez-Aspar-Angel-Nieto-Ricardo-Tormo-300x200.jpg 300w, https:\/\/binn.wpenginepowered.com\/wp-content\/uploads\/2022\/03\/Champi-Herreros-JorgeMartinez-Aspar-Angel-Nieto-Ricardo-Tormo-768x511.jpg 768w\" sizes=\"(max-width: 960px) 100vw, 960px\" \/>\t\t\t\t\t\t\t\t\t\t\t\t\t\t\t<\/div>\n\t\t\t\t<\/div>\n\t\t\t\t\t<\/div>\n\t\t<\/div>\n\t\t\t\t\t<\/div>\n\t\t<\/section>\n\t\t\t\t<\/div>\n\t\t","protected":false},"excerpt":{"rendered":"<p>Ricardo Tormo Ricardo Tormo Blaya \u00e9s el primer valenci\u00e0 Campi\u00f3 del M\u00f3n de Motociclisme, el va aconseguir en dues ocasions en 1978 i en 1981. El seu nom es va incorporar al del *Circuit des del naixement del tra\u00e7at valenci\u00e0 ja que el de Canals va morir durant la construcci\u00f3 d&#8217;un dels seus somnis com [&hellip;]<\/p>\n","protected":false},"author":1,"featured_media":0,"parent":20976,"menu_order":0,"comment_status":"closed","ping_status":"closed","template":"elementor_header_footer","meta":{"_acf_changed":false,"footnotes":""},"class_list":["post-21052","page","type-page","status-publish","hentry"],"acf":[],"_links":{"self":[{"href":"https:\/\/www.circuitricardotormo.com\/ca\/wp-json\/wp\/v2\/pages\/21052","targetHints":{"allow":["GET"]}}],"collection":[{"href":"https:\/\/www.circuitricardotormo.com\/ca\/wp-json\/wp\/v2\/pages"}],"about":[{"href":"https:\/\/www.circuitricardotormo.com\/ca\/wp-json\/wp\/v2\/types\/page"}],"author":[{"embeddable":true,"href":"https:\/\/www.circuitricardotormo.com\/ca\/wp-json\/wp\/v2\/users\/1"}],"replies":[{"embeddable":true,"href":"https:\/\/www.circuitricardotormo.com\/ca\/wp-json\/wp\/v2\/comments?post=21052"}],"version-history":[{"count":0,"href":"https:\/\/www.circuitricardotormo.com\/ca\/wp-json\/wp\/v2\/pages\/21052\/revisions"}],"up":[{"embeddable":true,"href":"https:\/\/www.circuitricardotormo.com\/ca\/wp-json\/wp\/v2\/pages\/20976"}],"wp:attachment":[{"href":"https:\/\/www.circuitricardotormo.com\/ca\/wp-json\/wp\/v2\/media?parent=21052"}],"curies":[{"name":"wp","href":"https:\/\/api.w.org\/{rel}","templated":true}]}}