{"id":21081,"date":"2022-05-02T06:49:09","date_gmt":"2022-05-02T06:49:09","guid":{"rendered":"https:\/\/www.circuitricardotormo.com\/tandes-de-cotxes\/"},"modified":"2022-07-28T13:43:04","modified_gmt":"2022-07-28T13:43:04","slug":"tandes-de-cotxes","status":"publish","type":"page","link":"https:\/\/www.circuitricardotormo.com\/ca\/tandes-de-cotxes\/","title":{"rendered":"Tandes de cotxes"},"content":{"rendered":"\t\t<div data-elementor-type=\"wp-page\" data-elementor-id=\"21081\" class=\"elementor elementor-21081 elementor-20964\" data-elementor-post-type=\"page\">\n\t\t\t\t\t\t<section class=\"elementor-section elementor-top-section elementor-element elementor-element-59526e6a elementor-section-height-min-height elementor-section-boxed elementor-section-height-default elementor-section-items-middle\" data-id=\"59526e6a\" data-element_type=\"section\" data-e-type=\"section\" data-settings=\"{&quot;jet_parallax_layout_list&quot;:[],&quot;background_background&quot;:&quot;video&quot;,&quot;background_video_link&quot;:&quot;https:\\\/\\\/www.youtube.com\\\/watch?v=2TdSQ_WUf9w&quot;,&quot;background_play_on_mobile&quot;:&quot;yes&quot;,&quot;background_privacy_mode&quot;:&quot;yes&quot;}\">\n\t\t\t\t\t\t\t\t<div class=\"elementor-background-video-container\">\n\t\t\t\t\t\t\t\t\t\t\t\t\t<div class=\"elementor-background-video-embed\" role=\"presentation\"><\/div>\n\t\t\t\t\t\t\t\t\t\t\t\t<\/div>\n\t\t\t\t\t\t\t\t\t<div class=\"elementor-background-overlay\"><\/div>\n\t\t\t\t\t\t\t<div class=\"elementor-container elementor-column-gap-default\">\n\t\t\t\t\t<div class=\"elementor-column elementor-col-100 elementor-top-column elementor-element elementor-element-166ca83f\" data-id=\"166ca83f\" data-element_type=\"column\" data-e-type=\"column\">\n\t\t\t<div class=\"elementor-widget-wrap\">\n\t\t\t\t\t\t\t<\/div>\n\t\t<\/div>\n\t\t\t\t\t<\/div>\n\t\t<\/section>\n\t\t\t\t<section class=\"elementor-section elementor-top-section elementor-element elementor-element-11605971 seccion elementor-section-boxed elementor-section-height-default elementor-section-height-default\" data-id=\"11605971\" data-element_type=\"section\" data-e-type=\"section\" data-settings=\"{&quot;jet_parallax_layout_list&quot;:[]}\">\n\t\t\t\t\t\t<div class=\"elementor-container elementor-column-gap-default\">\n\t\t\t\t\t<div class=\"elementor-column elementor-col-100 elementor-top-column elementor-element elementor-element-1a4ec4fa\" data-id=\"1a4ec4fa\" data-element_type=\"column\" data-e-type=\"column\">\n\t\t\t<div class=\"elementor-widget-wrap elementor-element-populated\">\n\t\t\t\t\t\t<section class=\"elementor-section elementor-inner-section elementor-element elementor-element-37e3d519 elementor-section-height-min-height elementor-reverse-mobile elementor-reverse-tablet cajaSombraRound elementor-section-boxed elementor-section-height-default\" data-id=\"37e3d519\" data-element_type=\"section\" data-e-type=\"section\" data-settings=\"{&quot;jet_parallax_layout_list&quot;:[]}\">\n\t\t\t\t\t\t<div class=\"elementor-container elementor-column-gap-default\">\n\t\t\t\t\t<div class=\"elementor-column elementor-col-50 elementor-inner-column elementor-element elementor-element-5a48dc68\" data-id=\"5a48dc68\" data-element_type=\"column\" data-e-type=\"column\" data-settings=\"{&quot;background_background&quot;:&quot;classic&quot;}\">\n\t\t\t<div class=\"elementor-widget-wrap elementor-element-populated\">\n\t\t\t\t\t\t<div class=\"elementor-element elementor-element-2c4096d1 elementor-widget elementor-widget-heading\" data-id=\"2c4096d1\" data-element_type=\"widget\" data-e-type=\"widget\" data-widget_type=\"heading.default\">\n\t\t\t\t<div class=\"elementor-widget-container\">\n\t\t\t\t\t<h1 class=\"elementor-heading-title elementor-size-default\">Tandes de cotxes<\/h1>\t\t\t\t<\/div>\n\t\t\t\t<\/div>\n\t\t\t\t<div class=\"elementor-element elementor-element-3de00fdb elementor-widget elementor-widget-heading\" data-id=\"3de00fdb\" data-element_type=\"widget\" data-e-type=\"widget\" data-widget_type=\"heading.default\">\n\t\t\t\t<div class=\"elementor-widget-container\">\n\t\t\t\t\t<h2 class=\"elementor-heading-title elementor-size-default\">El Circuit Ricardo Tormo convoca jornades automobil\u00edstiques obertes a tot aquell que vulga que vulga rodar amb el seu cotxe, tant professionals com aficionats.<\/h2>\t\t\t\t<\/div>\n\t\t\t\t<\/div>\n\t\t\t\t\t<\/div>\n\t\t<\/div>\n\t\t\t\t<div class=\"elementor-column elementor-col-50 elementor-inner-column elementor-element elementor-element-2fdf8415\" data-id=\"2fdf8415\" data-element_type=\"column\" data-e-type=\"column\" data-settings=\"{&quot;background_background&quot;:&quot;classic&quot;}\">\n\t\t\t<div class=\"elementor-widget-wrap elementor-element-populated\">\n\t\t\t\t\t\t<div class=\"elementor-element elementor-element-6cbde471 elementor-widget elementor-widget-spacer\" data-id=\"6cbde471\" data-element_type=\"widget\" data-e-type=\"widget\" data-widget_type=\"spacer.default\">\n\t\t\t\t<div class=\"elementor-widget-container\">\n\t\t\t\t\t\t\t<div class=\"elementor-spacer\">\n\t\t\t<div class=\"elementor-spacer-inner\"><\/div>\n\t\t<\/div>\n\t\t\t\t\t\t<\/div>\n\t\t\t\t<\/div>\n\t\t\t\t\t<\/div>\n\t\t<\/div>\n\t\t\t\t\t<\/div>\n\t\t<\/section>\n\t\t\t\t\t<\/div>\n\t\t<\/div>\n\t\t\t\t\t<\/div>\n\t\t<\/section>\n\t\t\t\t<section class=\"elementor-section elementor-top-section elementor-element elementor-element-3e1e1ad elementor-section-boxed elementor-section-height-default elementor-section-height-default\" data-id=\"3e1e1ad\" data-element_type=\"section\" data-e-type=\"section\" data-settings=\"{&quot;jet_parallax_layout_list&quot;:[]}\">\n\t\t\t\t\t\t<div class=\"elementor-container elementor-column-gap-default\">\n\t\t\t\t\t<div class=\"elementor-column elementor-col-50 elementor-top-column elementor-element elementor-element-9433b8a\" data-id=\"9433b8a\" data-element_type=\"column\" data-e-type=\"column\">\n\t\t\t<div class=\"elementor-widget-wrap elementor-element-populated\">\n\t\t\t\t\t\t<div class=\"elementor-element elementor-element-f9cb319 elementor-widget elementor-widget-text-editor\" data-id=\"f9cb319\" data-element_type=\"widget\" data-e-type=\"widget\" data-widget_type=\"text-editor.default\">\n\t\t\t\t<div class=\"elementor-widget-container\">\n\t\t\t\t\t\t\t\t\tLes\u00a0<strong>Tandes de Cotxes<\/strong>\u00a0constaran de 4 rodades A, B, C i D de 30 minuts cadascuna, que es poden adquirir juntes o per separat, una vegada tancada la venda anticipada, o una vegada completat l&#8217;aforament, es publicar\u00e0 una llista amb les places disponibles per a aquells que vulguen adquirir-les en l&#8217;Oficina de Carrera del Circuit directament el dia\u00a0de les tandes\r\n\r\nEl\u00a0<strong>horari<\/strong>\u00a0pot estar subjecte a modificaci\u00f3 donat\u00a0que tamb\u00e9 se celebra una competici\u00f3, una vegada tancat el termini d&#8217;inscripci\u00f3 s&#8217;enviar\u00e0 l&#8217;horari definitiu.\r\n<ul>\r\n \t<li>4 TANDES DE 30 MINUTS, Llevat que S&#8217;ADQUIRISQUEN SOLTES<\/li>\r\n \t<li>CRONOMETRATGE<\/li>\r\n \t<li>ACOMPANYANT (Aquell que ho desitge)<\/li>\r\n<\/ul>\t\t\t\t\t\t\t\t<\/div>\n\t\t\t\t<\/div>\n\t\t\t\t\t<\/div>\n\t\t<\/div>\n\t\t\t\t<div class=\"elementor-column elementor-col-50 elementor-top-column elementor-element elementor-element-18ceeb7\" data-id=\"18ceeb7\" data-element_type=\"column\" data-e-type=\"column\">\n\t\t\t<div class=\"elementor-widget-wrap elementor-element-populated\">\n\t\t\t\t\t\t<div class=\"elementor-element elementor-element-5b923ba elementor-widget elementor-widget-heading\" data-id=\"5b923ba\" data-element_type=\"widget\" data-e-type=\"widget\" data-widget_type=\"heading.default\">\n\t\t\t\t<div class=\"elementor-widget-container\">\n\t\t\t\t\t<h2 class=\"elementor-heading-title elementor-size-default\">Preus<\/h2>\t\t\t\t<\/div>\n\t\t\t\t<\/div>\n\t\t\t\t<div class=\"elementor-element elementor-element-96f262b elementor-widget elementor-widget-text-editor\" data-id=\"96f262b\" data-element_type=\"widget\" data-e-type=\"widget\" data-widget_type=\"text-editor.default\">\n\t\t\t\t<div class=\"elementor-widget-container\">\n\t\t\t\t\t\t\t\t\t<table width=\"100%\">\r\n<tbody>\r\n<tr>\r\n<td>4 tandes (nom\u00e9s venda anticipada)<\/td>\r\n<td>250 euros<\/td>\r\n<\/tr>\r\n<tr>\r\n<td>1 tanda<\/td>\r\n<td>70 euros<\/td>\r\n<\/tr>\r\n<tr>\r\n<td>lloguer del box<\/td>\r\n<td>165 euros<\/td>\r\n<\/tr>\r\n<\/tbody>\r\n<\/table>\t\t\t\t\t\t\t\t<\/div>\n\t\t\t\t<\/div>\n\t\t\t\t<div class=\"elementor-element elementor-element-1abea41 elementor-widget elementor-widget-text-editor\" data-id=\"1abea41\" data-element_type=\"widget\" data-e-type=\"widget\" data-widget_type=\"text-editor.default\">\n\t\t\t\t<div class=\"elementor-widget-container\">\n\t\t\t\t\t\t\t\t\t<strong>EL PREU\u00a0NO\u00a0INCLOU:<\/strong>\r\n<ul>\r\n \t<li>ASSEGURAN\u00c7A OBLIGAT\u00d2RIA, 15\u20ac per persona, aquest haur\u00e0 de ser contractat tant per a el\u00a0pilot\u00a0com per a el\u00a0acompanyant, en cas de voler portar acompanyant. Caldr\u00e0 abonar-ho en Oficina de Carrera.<\/li>\r\n \t<li>LLOGUER DE BOX: Aquells que desitgen box hauran de pagar 165\u20ac, m\u00e9s 100\u20ac de fian\u00e7a que ser\u00e0 reembossat una vegada es retorne la clau.\u00a0Caldr\u00e0 abonar-ho en Oficina de Carrera.<\/li>\r\n<\/ul>\t\t\t\t\t\t\t\t<\/div>\n\t\t\t\t<\/div>\n\t\t\t\t\t<\/div>\n\t\t<\/div>\n\t\t\t\t\t<\/div>\n\t\t<\/section>\n\t\t\t\t<section class=\"elementor-section elementor-top-section elementor-element elementor-element-d78eade elementor-section-boxed elementor-section-height-default elementor-section-height-default\" data-id=\"d78eade\" data-element_type=\"section\" data-e-type=\"section\" data-settings=\"{&quot;jet_parallax_layout_list&quot;:[]}\">\n\t\t\t\t\t\t<div class=\"elementor-container elementor-column-gap-default\">\n\t\t\t\t\t<div class=\"elementor-column elementor-col-100 elementor-top-column elementor-element elementor-element-b331495\" data-id=\"b331495\" data-element_type=\"column\" data-e-type=\"column\">\n\t\t\t<div class=\"elementor-widget-wrap elementor-element-populated\">\n\t\t\t\t\t\t<div class=\"elementor-element elementor-element-f5a1e77 elementor-widget elementor-widget-heading\" data-id=\"f5a1e77\" data-element_type=\"widget\" data-e-type=\"widget\" data-widget_type=\"heading.default\">\n\t\t\t\t<div class=\"elementor-widget-container\">\n\t\t\t\t\t<h2 class=\"elementor-heading-title elementor-size-default\">Normativa<\/h2>\t\t\t\t<\/div>\n\t\t\t\t<\/div>\n\t\t\t\t<div class=\"elementor-element elementor-element-48d38db elementor-widget elementor-widget-text-editor\" data-id=\"48d38db\" data-element_type=\"widget\" data-e-type=\"widget\" data-widget_type=\"text-editor.default\">\n\t\t\t\t<div class=\"elementor-widget-container\">\n\t\t\t\t\t\t\t\t\t<ul>\r\n \t<li>Aquesta \u00e9s una RODADA L\u00daDICA, no una competici\u00f3.<\/li>\r\n \t<li>El vehicle ha d&#8217;estar en bon estat est\u00e8tic i mec\u00e0nic.<\/li>\r\n \t<li>El Circuit es reserva el dret d&#8217;inscripci\u00f3 dels vehicles en funci\u00f3 de motius de seguretat sota criteri exclusiu de la direcci\u00f3 de carrera. Els vehicles monopla\u00e7a i descapotables no seran admesos en tandes generals.<\/li>\r\n \t<li>Punt pilot com acompanyant hauran de ser majors de 18, a excepci\u00f3 dels pilots federats, fet que s&#8217;haur\u00e0 d&#8217;acreditar.<\/li>\r\n \t<li>El pilot haur\u00e0 de tindre el perm\u00eds de conduir B.<\/li>\r\n \t<li>El pilot assumeix qualsevol tipus de mal que puga produir-se al seu vehicle o entre vehicles assistents.<\/li>\r\n \t<li>\u00c9s obligatori l&#8217;\u00fas de casc; si aquest \u00e9s d&#8217;automobilisme podr\u00e0 ser obert, en cas contrari haur\u00e0 de ser integral.<\/li>\r\n \t<li>\u00c9s obligatori l&#8217;\u00fas de cintur\u00f3 de seguretat o arn\u00e9s.<\/li>\r\n \t<li>Totes les mesures de seguretat addicionals (roba ign\u00edfuga, arnesos, barres, extinci\u00f3\u2026) s\u00f3n benvingudes per\u00f2 no obligat\u00f2ries.<\/li>\r\n \t<li>La taxa d&#8217;alcohol\u00e8mia m\u00e0xima autoritzada ser\u00e0 0,0 podent comprovar-se la mateixa aleat\u00f2riament durant l&#8217;esdeveniment.<\/li>\r\n \t<li>No est\u00e0 perm\u00e9s portar objectes solts a l&#8217;interior del vehicle.<\/li>\r\n \t<li>No est\u00e0 perm\u00e9s portar ocupants en els seients posteriors.<\/li>\r\n<\/ul>\t\t\t\t\t\t\t\t<\/div>\n\t\t\t\t<\/div>\n\t\t\t\t\t<\/div>\n\t\t<\/div>\n\t\t\t\t\t<\/div>\n\t\t<\/section>\n\t\t\t\t<\/div>\n\t\t","protected":false},"excerpt":{"rendered":"<p>Tandes de cotxes El Circuit Ricardo Tormo convoca jornades automobil\u00edstiques obertes a tot aquell que vulga que vulga rodar amb el seu cotxe, tant professionals com aficionats. Les\u00a0Tandes de Cotxes\u00a0constaran de 4 rodades A, B, C i D de 30 minuts cadascuna, que es poden adquirir juntes o per separat, una vegada tancada la venda [&hellip;]<\/p>\n","protected":false},"author":1,"featured_media":0,"parent":0,"menu_order":0,"comment_status":"closed","ping_status":"closed","template":"elementor_header_footer","meta":{"_acf_changed":false,"footnotes":""},"class_list":["post-21081","page","type-page","status-publish","hentry"],"acf":[],"_links":{"self":[{"href":"https:\/\/www.circuitricardotormo.com\/ca\/wp-json\/wp\/v2\/pages\/21081","targetHints":{"allow":["GET"]}}],"collection":[{"href":"https:\/\/www.circuitricardotormo.com\/ca\/wp-json\/wp\/v2\/pages"}],"about":[{"href":"https:\/\/www.circuitricardotormo.com\/ca\/wp-json\/wp\/v2\/types\/page"}],"author":[{"embeddable":true,"href":"https:\/\/www.circuitricardotormo.com\/ca\/wp-json\/wp\/v2\/users\/1"}],"replies":[{"embeddable":true,"href":"https:\/\/www.circuitricardotormo.com\/ca\/wp-json\/wp\/v2\/comments?post=21081"}],"version-history":[{"count":0,"href":"https:\/\/www.circuitricardotormo.com\/ca\/wp-json\/wp\/v2\/pages\/21081\/revisions"}],"wp:attachment":[{"href":"https:\/\/www.circuitricardotormo.com\/ca\/wp-json\/wp\/v2\/media?parent=21081"}],"curies":[{"name":"wp","href":"https:\/\/api.w.org\/{rel}","templated":true}]}}