{"id":23538,"date":"2022-10-20T11:45:55","date_gmt":"2022-10-20T09:45:55","guid":{"rendered":"https:\/\/www.circuitricardotormo.com\/?page_id=23538"},"modified":"2023-04-04T13:13:48","modified_gmt":"2023-04-04T11:13:48","slug":"gran-premi-de-la-comunitat-valenciana-2023","status":"publish","type":"page","link":"https:\/\/www.circuitricardotormo.com\/ca\/gran-premi-de-la-comunitat-valenciana-2023\/","title":{"rendered":"Gran Premi de la Comunitat Valenciana 2023"},"content":{"rendered":"\t\t<div data-elementor-type=\"wp-page\" data-elementor-id=\"23538\" class=\"elementor elementor-23538 elementor-22450\" data-elementor-post-type=\"page\">\n\t\t\t\t\t\t<section class=\"elementor-section elementor-top-section elementor-element elementor-element-37db2ed2 elementor-section-boxed elementor-section-height-default elementor-section-height-default\" data-id=\"37db2ed2\" data-element_type=\"section\" data-settings=\"{&quot;jet_parallax_layout_list&quot;:[],&quot;background_background&quot;:&quot;video&quot;}\">\n\t\t\t\t\t\t<div class=\"elementor-container elementor-column-gap-default\">\n\t\t\t\t\t<div class=\"elementor-column elementor-col-100 elementor-top-column elementor-element elementor-element-6289af7\" data-id=\"6289af7\" data-element_type=\"column\">\n\t\t\t<div class=\"elementor-widget-wrap elementor-element-populated\">\n\t\t\t\t\t\t<div class=\"elementor-element elementor-element-6e13069 elementor-widget elementor-widget-text-editor\" data-id=\"6e13069\" data-element_type=\"widget\" data-widget_type=\"text-editor.default\">\n\t\t\t\t<div class=\"elementor-widget-container\">\n\t\t\t\t\t\t\t\t\t<p>El Circuit Ricardo Tormo celebra el <strong>Gran Premi Motul de la Comunitat Valenciana<\/strong> els dies 24, 25 i 26 de novembre de 2023. Com cada any el mundial de <strong>MotoGP<\/strong> arriba a Cheste per a celebrar l&#8217;\u00faltima carrera de l&#8217;any. Es tracta del Mundial m\u00e9s llarg de la hist\u00f2ria que acabar\u00e0 a Val\u00e8ncia despr\u00e9s de set carreres a \u00c0sia i Oceania<\/p>\t\t\t\t\t\t\t\t<\/div>\n\t\t\t\t<\/div>\n\t\t\t\t<div class=\"elementor-element elementor-element-1093f7c elementor-align-center elementor-widget elementor-widget-button\" data-id=\"1093f7c\" data-element_type=\"widget\" data-widget_type=\"button.default\">\n\t\t\t\t<div class=\"elementor-widget-container\">\n\t\t\t\t\t\t\t\t\t<div class=\"elementor-button-wrapper\">\n\t\t\t\t\t<a class=\"elementor-button elementor-button-link elementor-size-lg\" href=\"https:\/\/entradas.circuitvalencia.com\/circuitvalencia\/ca_ES_valencia\/entradas\/evento\/26586\/session\/1515647\/select?viewCode=Vista_Principal\" target=\"_blank\" rel=\"noopener\">\n\t\t\t\t\t\t<span class=\"elementor-button-content-wrapper\">\n\t\t\t\t\t\t<span class=\"elementor-button-icon\">\n\t\t\t\t<i aria-hidden=\"true\" class=\"fas fa-ticket-alt\"><\/i>\t\t\t<\/span>\n\t\t\t\t\t\t\t\t\t<span class=\"elementor-button-text\">ENTRADES<\/span>\n\t\t\t\t\t<\/span>\n\t\t\t\t\t<\/a>\n\t\t\t\t<\/div>\n\t\t\t\t\t\t\t\t<\/div>\n\t\t\t\t<\/div>\n\t\t\t\t<div class=\"elementor-element elementor-element-6af53a3 elementor-widget elementor-widget-image\" data-id=\"6af53a3\" data-element_type=\"widget\" data-widget_type=\"image.default\">\n\t\t\t\t<div class=\"elementor-widget-container\">\n\t\t\t\t\t\t\t\t\t\t\t\t\t\t\t\t<a href=\"https:\/\/entradas.circuitvalencia.com\/circuitvalencia\/ca_ES_valencia\/entradas\/evento\/26586\/session\/1515647\/select?viewCode=Vista_Principal\" target=\"_blank\" rel=\"noopener\">\n\t\t\t\t\t\t\t<img fetchpriority=\"high\" decoding=\"async\" width=\"600\" height=\"1161\" src=\"https:\/\/www.circuitricardotormo.com\/wp-content\/uploads\/2023\/04\/2020-04_CRT_GPMotul_Tarifas-10_VAL.jpg\" class=\"attachment-medium_large size-medium_large wp-image-24920\" alt=\"\" srcset=\"https:\/\/binn.wpenginepowered.com\/wp-content\/uploads\/2023\/04\/2020-04_CRT_GPMotul_Tarifas-10_VAL.jpg 600w, https:\/\/binn.wpenginepowered.com\/wp-content\/uploads\/2023\/04\/2020-04_CRT_GPMotul_Tarifas-10_VAL-155x300.jpg 155w, https:\/\/binn.wpenginepowered.com\/wp-content\/uploads\/2023\/04\/2020-04_CRT_GPMotul_Tarifas-10_VAL-529x1024.jpg 529w\" sizes=\"(max-width: 600px) 100vw, 600px\" \/>\t\t\t\t\t\t\t\t<\/a>\n\t\t\t\t\t\t\t\t\t\t\t\t\t\t\t<\/div>\n\t\t\t\t<\/div>\n\t\t\t\t\t<\/div>\n\t\t<\/div>\n\t\t\t\t\t<\/div>\n\t\t<\/section>\n\t\t\t\t<section class=\"elementor-section elementor-top-section elementor-element elementor-element-a962adb elementor-section-boxed elementor-section-height-default elementor-section-height-default\" data-id=\"a962adb\" data-element_type=\"section\" data-settings=\"{&quot;jet_parallax_layout_list&quot;:[]}\">\n\t\t\t\t\t\t<div class=\"elementor-container elementor-column-gap-default\">\n\t\t\t\t\t<div class=\"elementor-column elementor-col-100 elementor-top-column elementor-element elementor-element-8ad31e9\" data-id=\"8ad31e9\" data-element_type=\"column\">\n\t\t\t<div class=\"elementor-widget-wrap elementor-element-populated\">\n\t\t\t\t\t\t<div class=\"elementor-element elementor-element-382ce34 elementor-widget elementor-widget-text-editor\" data-id=\"382ce34\" data-element_type=\"widget\" data-widget_type=\"text-editor.default\">\n\t\t\t\t<div class=\"elementor-widget-container\">\n\t\t\t\t\t\t\t\t\t<p>Ja pots comprar les teues entrades del <strong>Gran Premi de la Comunitat Valenciana 2023<\/strong> que tindr\u00e0 lloc al Circuit Ricardo Tormo el dies 24, 25 i 26 de novembre de 2023<\/p>\t\t\t\t\t\t\t\t<\/div>\n\t\t\t\t<\/div>\n\t\t\t\t\t<\/div>\n\t\t<\/div>\n\t\t\t\t\t<\/div>\n\t\t<\/section>\n\t\t\t\t<section class=\"elementor-section elementor-top-section elementor-element elementor-element-4817b2e elementor-section-boxed elementor-section-height-default elementor-section-height-default\" data-id=\"4817b2e\" data-element_type=\"section\" data-settings=\"{&quot;jet_parallax_layout_list&quot;:[]}\">\n\t\t\t\t\t\t<div class=\"elementor-container elementor-column-gap-default\">\n\t\t\t\t\t<div class=\"elementor-column elementor-col-100 elementor-top-column elementor-element elementor-element-13ac383\" data-id=\"13ac383\" data-element_type=\"column\">\n\t\t\t<div class=\"elementor-widget-wrap elementor-element-populated\">\n\t\t\t\t\t\t\t<\/div>\n\t\t<\/div>\n\t\t\t\t\t<\/div>\n\t\t<\/section>\n\t\t\t\t<section class=\"elementor-section elementor-top-section elementor-element elementor-element-9b9dc37 elementor-section-boxed elementor-section-height-default elementor-section-height-default\" data-id=\"9b9dc37\" data-element_type=\"section\" data-settings=\"{&quot;jet_parallax_layout_list&quot;:[]}\">\n\t\t\t\t\t\t<div class=\"elementor-container elementor-column-gap-default\">\n\t\t\t\t\t<div class=\"elementor-column elementor-col-100 elementor-top-column elementor-element elementor-element-e203baf\" data-id=\"e203baf\" data-element_type=\"column\">\n\t\t\t<div class=\"elementor-widget-wrap elementor-element-populated\">\n\t\t\t\t\t\t<div class=\"elementor-element elementor-element-58fc6fd elementor-widget elementor-widget-text-editor\" data-id=\"58fc6fd\" data-element_type=\"widget\" data-widget_type=\"text-editor.default\">\n\t\t\t\t<div class=\"elementor-widget-container\">\n\t\t\t\t\t\t\t\t\t<p>Els millors pilots del m\u00f3n competiran en les categories de <strong>Moto3<\/strong>, <strong>Moto2<\/strong> i <strong>MotoGP<\/strong> en un esdeveniment en qu\u00e8 els aficionats al motociclisme es constitu\u00efxen com a protagonistes principals. Els moters omplin les grades de <strong>Cheste<\/strong> cada any per a celebrar el <strong>Gran Premi de la Comunitat Valenciana<\/strong><\/p>\t\t\t\t\t\t\t\t<\/div>\n\t\t\t\t<\/div>\n\t\t\t\t<div class=\"elementor-element elementor-element-27b20aa elementor-cta--skin-classic elementor-animated-content elementor-bg-transform elementor-bg-transform-zoom-in elementor-widget elementor-widget-call-to-action\" data-id=\"27b20aa\" data-element_type=\"widget\" data-widget_type=\"call-to-action.default\">\n\t\t\t\t<div class=\"elementor-widget-container\">\n\t\t\t\t\t\t\t<div class=\"elementor-cta\">\n\t\t\t\t\t<div class=\"elementor-cta__bg-wrapper\">\n\t\t\t\t<div class=\"elementor-cta__bg elementor-bg\" style=\"background-image: url(https:\/\/www.circuitricardotormo.com\/wp-content\/uploads\/2022\/11\/AD203566-1024x683.jpg);\" role=\"img\" aria-label=\"AD203566\"><\/div>\n\t\t\t\t<div class=\"elementor-cta__bg-overlay\"><\/div>\n\t\t\t<\/div>\n\t\t\t\t\t\t\t<div class=\"elementor-cta__content\">\n\t\t\t\t\n\t\t\t\t\t\t\t\t\t<h2 class=\"elementor-cta__title elementor-cta__content-item elementor-content-item\">\n\t\t\t\t\t\t10% de descompte\t\t\t\t\t<\/h2>\n\t\t\t\t\n\t\t\t\t\t\t\t\t\t<div class=\"elementor-cta__description elementor-cta__content-item elementor-content-item\">\n\t\t\t\t\t\tDes del divendres 25 de novembre Entrades MotoGP Val\u00e8ncia 24, 25 i 26 de novembre de 2023\t\t\t\t\t<\/div>\n\t\t\t\t\n\t\t\t\t\t\t\t\t\t<div class=\"elementor-cta__button-wrapper elementor-cta__content-item elementor-content-item \">\n\t\t\t\t\t<a class=\"elementor-cta__button elementor-button elementor-size-\" href=\"https:\/\/entradas.circuitvalencia.com\/circuitvalencia\/ca_ES_valencia\/entradas\/evento\/26586\/session\/1515647\/select?viewCode=Vista_Principal\" target=\"_blank\" rel=\"noopener\">\n\t\t\t\t\t\tENTRADES\t\t\t\t\t<\/a>\n\t\t\t\t\t<\/div>\n\t\t\t\t\t\t\t<\/div>\n\t\t\t\t\t\t<\/div>\n\t\t\t\t\t\t<\/div>\n\t\t\t\t<\/div>\n\t\t\t\t\t<\/div>\n\t\t<\/div>\n\t\t\t\t\t<\/div>\n\t\t<\/section>\n\t\t\t\t<\/div>\n\t\t","protected":false},"excerpt":{"rendered":"<p>El Circuit Ricardo Tormo celebra el Gran Premi Motul de la Comunitat Valenciana els dies 24, 25 i 26 de novembre de 2023. Com cada any el mundial de MotoGP arriba a Cheste per a celebrar l&#8217;\u00faltima carrera de l&#8217;any. Es tracta del Mundial m\u00e9s llarg de la hist\u00f2ria que acabar\u00e0 a Val\u00e8ncia despr\u00e9s de [&hellip;]<\/p>\n","protected":false},"author":2,"featured_media":0,"parent":0,"menu_order":0,"comment_status":"closed","ping_status":"closed","template":"","meta":{"_acf_changed":false,"footnotes":""},"class_list":["post-23538","page","type-page","status-publish","hentry"],"acf":[],"_links":{"self":[{"href":"https:\/\/www.circuitricardotormo.com\/ca\/wp-json\/wp\/v2\/pages\/23538","targetHints":{"allow":["GET"]}}],"collection":[{"href":"https:\/\/www.circuitricardotormo.com\/ca\/wp-json\/wp\/v2\/pages"}],"about":[{"href":"https:\/\/www.circuitricardotormo.com\/ca\/wp-json\/wp\/v2\/types\/page"}],"author":[{"embeddable":true,"href":"https:\/\/www.circuitricardotormo.com\/ca\/wp-json\/wp\/v2\/users\/2"}],"replies":[{"embeddable":true,"href":"https:\/\/www.circuitricardotormo.com\/ca\/wp-json\/wp\/v2\/comments?post=23538"}],"version-history":[{"count":0,"href":"https:\/\/www.circuitricardotormo.com\/ca\/wp-json\/wp\/v2\/pages\/23538\/revisions"}],"wp:attachment":[{"href":"https:\/\/www.circuitricardotormo.com\/ca\/wp-json\/wp\/v2\/media?parent=23538"}],"curies":[{"name":"wp","href":"https:\/\/api.w.org\/{rel}","templated":true}]}}