{"id":32566,"date":"2025-01-21T13:36:11","date_gmt":"2025-01-21T11:36:11","guid":{"rendered":"https:\/\/www.circuitricardotormo.com\/gran-premi-motul-de-la-comunitat-valenciana-2025\/"},"modified":"2025-01-31T13:06:06","modified_gmt":"2025-01-31T11:06:06","slug":"gran-premi-motul-de-la-comunitat-valenciana-2025","status":"publish","type":"page","link":"https:\/\/www.circuitricardotormo.com\/ca\/gran-premi-motul-de-la-comunitat-valenciana-2025\/","title":{"rendered":"Gran Premi Motul de la Comunitat Valenciana 2025"},"content":{"rendered":"\t\t<div data-elementor-type=\"wp-page\" data-elementor-id=\"32566\" class=\"elementor elementor-32566 elementor-32534\" data-elementor-post-type=\"page\">\n\t\t\t\t\t\t<section class=\"elementor-section elementor-top-section elementor-element elementor-element-3917ddc elementor-section-boxed elementor-section-height-default elementor-section-height-default\" data-id=\"3917ddc\" data-element_type=\"section\" data-settings=\"{&quot;jet_parallax_layout_list&quot;:[]}\">\n\t\t\t\t\t\t<div class=\"elementor-container elementor-column-gap-default\">\n\t\t\t\t\t<div class=\"elementor-column elementor-col-100 elementor-top-column elementor-element elementor-element-5fdb16a\" data-id=\"5fdb16a\" data-element_type=\"column\">\n\t\t\t<div class=\"elementor-widget-wrap elementor-element-populated\">\n\t\t\t\t\t\t<section class=\"elementor-section elementor-inner-section elementor-element elementor-element-16416ff elementor-section-boxed elementor-section-height-default elementor-section-height-default\" data-id=\"16416ff\" data-element_type=\"section\" data-settings=\"{&quot;jet_parallax_layout_list&quot;:[]}\">\n\t\t\t\t\t\t<div class=\"elementor-container elementor-column-gap-default\">\n\t\t\t\t\t<div class=\"elementor-column elementor-col-50 elementor-inner-column elementor-element elementor-element-f22694d\" data-id=\"f22694d\" data-element_type=\"column\">\n\t\t\t<div class=\"elementor-widget-wrap elementor-element-populated\">\n\t\t\t\t\t\t<div class=\"elementor-element elementor-element-c4b9610 elementor-widget elementor-widget-image\" data-id=\"c4b9610\" data-element_type=\"widget\" data-widget_type=\"image.default\">\n\t\t\t\t<div class=\"elementor-widget-container\">\n\t\t\t\t\t\t\t\t\t\t\t\t\t\t\t<img fetchpriority=\"high\" decoding=\"async\" width=\"1024\" height=\"576\" src=\"https:\/\/www.circuitricardotormo.com\/wp-content\/uploads\/2024\/11\/motogp-1024x576.jpg\" class=\"attachment-large size-large wp-image-32255\" alt=\"\" srcset=\"https:\/\/binn.wpenginepowered.com\/wp-content\/uploads\/2024\/11\/motogp-1024x576.jpg 1024w, https:\/\/binn.wpenginepowered.com\/wp-content\/uploads\/2024\/11\/motogp-300x169.jpg 300w, https:\/\/binn.wpenginepowered.com\/wp-content\/uploads\/2024\/11\/motogp-768x432.jpg 768w, https:\/\/binn.wpenginepowered.com\/wp-content\/uploads\/2024\/11\/motogp-1536x864.jpg 1536w, https:\/\/binn.wpenginepowered.com\/wp-content\/uploads\/2024\/11\/motogp-2048x1152.jpg 2048w\" sizes=\"(max-width: 1024px) 100vw, 1024px\" \/>\t\t\t\t\t\t\t\t\t\t\t\t\t\t\t<\/div>\n\t\t\t\t<\/div>\n\t\t\t\t\t<\/div>\n\t\t<\/div>\n\t\t\t\t<div class=\"elementor-column elementor-col-50 elementor-inner-column elementor-element elementor-element-7d33761\" data-id=\"7d33761\" data-element_type=\"column\">\n\t\t\t<div class=\"elementor-widget-wrap elementor-element-populated\">\n\t\t\t\t\t\t<div class=\"elementor-element elementor-element-a644d80 elementor-widget elementor-widget-text-editor\" data-id=\"a644d80\" data-element_type=\"widget\" data-widget_type=\"text-editor.default\">\n\t\t\t\t<div class=\"elementor-widget-container\">\n\t\t\t\t\t\t\t\t\t<p>El <strong>Gran Premi Motul de la Comunitat Valenciana<\/strong> tronar\u00e0 els dies <strong>14, 15 i 16 de novembre de 2025<\/strong> al Circuit Ricardo Tormo.<\/p><p>Ser\u00e0 com sempre el fermall d&#8217;or a la temporada <strong>2025<\/strong> de <strong>MotoGP<\/strong>.<\/p><p>El tra\u00e7at de Cheste decidir\u00e0 les classificacions finals de <strong>Moto3<\/strong>, <strong>Moto2<\/strong> i de <strong>MotoGP<\/strong> en un any molt especial que suposar\u00e0 el retorn del Mundial de Motociclisme a la seua casa a <strong>Val\u00e8ncia<\/strong>, al Circuit Ricardo Tormo.<\/p>\t\t\t\t\t\t\t\t<\/div>\n\t\t\t\t<\/div>\n\t\t\t\t<div class=\"elementor-element elementor-element-7b115af elementor-align-center elementor-widget elementor-widget-button\" data-id=\"7b115af\" data-element_type=\"widget\" data-widget_type=\"button.default\">\n\t\t\t\t<div class=\"elementor-widget-container\">\n\t\t\t\t\t\t\t\t\t<div class=\"elementor-button-wrapper\">\n\t\t\t\t\t<a class=\"elementor-button elementor-button-link elementor-size-sm\" href=\"https:\/\/entradas.circuitvalencia.com\/circuitvalencia\/events\" target=\"_blank\" rel=\"noopener\">\n\t\t\t\t\t\t<span class=\"elementor-button-content-wrapper\">\n\t\t\t\t\t\t\t\t\t<span class=\"elementor-button-text\">Entrades 2025 JA A LA VENDA<\/span>\n\t\t\t\t\t<\/span>\n\t\t\t\t\t<\/a>\n\t\t\t\t<\/div>\n\t\t\t\t\t\t\t\t<\/div>\n\t\t\t\t<\/div>\n\t\t\t\t<div class=\"elementor-element elementor-element-d034121 elementor-widget elementor-widget-text-editor\" data-id=\"d034121\" data-element_type=\"widget\" data-widget_type=\"text-editor.default\">\n\t\t\t\t<div class=\"elementor-widget-container\">\n\t\t\t\t\t\t\t\t\t<p>Jorge Mart\u00edn, Francesco Bagnaia, Marc M\u00e1rquez, Enea Bastianini, Pedro Acosta, Fabio Quartararo, Maverick Vi\u00f1ales, Brad Binder&#8230; i els joves Ferm\u00edn Aldeguer. Ai Ogura i Somkiat Chantra lluitaran per les vict\u00f2ries en <strong>MotoGP<\/strong> i els espanyols tornaran a ser protagonistes en Moto2 i Moto3 en una temporada que promet emocions fortes.<\/p>\t\t\t\t\t\t\t\t<\/div>\n\t\t\t\t<\/div>\n\t\t\t\t\t<\/div>\n\t\t<\/div>\n\t\t\t\t\t<\/div>\n\t\t<\/section>\n\t\t\t\t\t<\/div>\n\t\t<\/div>\n\t\t\t\t\t<\/div>\n\t\t<\/section>\n\t\t\t\t<section class=\"elementor-section elementor-top-section elementor-element elementor-element-ccc292b elementor-section-boxed elementor-section-height-default elementor-section-height-default\" data-id=\"ccc292b\" data-element_type=\"section\" data-settings=\"{&quot;jet_parallax_layout_list&quot;:[]}\">\n\t\t\t\t\t\t<div class=\"elementor-container elementor-column-gap-default\">\n\t\t\t\t\t<div class=\"elementor-column elementor-col-100 elementor-top-column elementor-element elementor-element-49a3e71\" data-id=\"49a3e71\" data-element_type=\"column\">\n\t\t\t<div class=\"elementor-widget-wrap elementor-element-populated\">\n\t\t\t\t\t\t<div class=\"elementor-element elementor-element-ecdcd13 elementor-widget-divider--view-line elementor-widget elementor-widget-divider\" data-id=\"ecdcd13\" data-element_type=\"widget\" data-widget_type=\"divider.default\">\n\t\t\t\t<div class=\"elementor-widget-container\">\n\t\t\t\t\t\t\t<div class=\"elementor-divider\">\n\t\t\t<span class=\"elementor-divider-separator\">\n\t\t\t\t\t\t<\/span>\n\t\t<\/div>\n\t\t\t\t\t\t<\/div>\n\t\t\t\t<\/div>\n\t\t\t\t\t<\/div>\n\t\t<\/div>\n\t\t\t\t\t<\/div>\n\t\t<\/section>\n\t\t\t\t<section class=\"elementor-section elementor-top-section elementor-element elementor-element-7565a82 elementor-section-boxed elementor-section-height-default elementor-section-height-default\" data-id=\"7565a82\" data-element_type=\"section\" data-settings=\"{&quot;jet_parallax_layout_list&quot;:[]}\">\n\t\t\t\t\t\t<div class=\"elementor-container elementor-column-gap-default\">\n\t\t\t\t\t<div class=\"elementor-column elementor-col-33 elementor-top-column elementor-element elementor-element-cc36780\" data-id=\"cc36780\" data-element_type=\"column\">\n\t\t\t<div class=\"elementor-widget-wrap elementor-element-populated\">\n\t\t\t\t\t\t<div class=\"elementor-element elementor-element-480e3df elementor-widget elementor-widget-image\" data-id=\"480e3df\" data-element_type=\"widget\" data-widget_type=\"image.default\">\n\t\t\t\t<div class=\"elementor-widget-container\">\n\t\t\t\t\t\t\t\t\t\t\t\t\t\t\t<img decoding=\"async\" width=\"554\" height=\"1024\" src=\"https:\/\/www.circuitricardotormo.com\/wp-content\/uploads\/2025\/01\/25-01_MotoGP_TarifasDescuento10_Hasta30Abril_ESP-554x1024.jpg\" class=\"attachment-large size-large wp-image-32531\" alt=\"\" srcset=\"https:\/\/binn.wpenginepowered.com\/wp-content\/uploads\/2025\/01\/25-01_MotoGP_TarifasDescuento10_Hasta30Abril_ESP-554x1024.jpg 554w, https:\/\/binn.wpenginepowered.com\/wp-content\/uploads\/2025\/01\/25-01_MotoGP_TarifasDescuento10_Hasta30Abril_ESP-162x300.jpg 162w, https:\/\/binn.wpenginepowered.com\/wp-content\/uploads\/2025\/01\/25-01_MotoGP_TarifasDescuento10_Hasta30Abril_ESP-768x1419.jpg 768w, https:\/\/binn.wpenginepowered.com\/wp-content\/uploads\/2025\/01\/25-01_MotoGP_TarifasDescuento10_Hasta30Abril_ESP-831x1536.jpg 831w, https:\/\/binn.wpenginepowered.com\/wp-content\/uploads\/2025\/01\/25-01_MotoGP_TarifasDescuento10_Hasta30Abril_ESP-1108x2048.jpg 1108w, https:\/\/binn.wpenginepowered.com\/wp-content\/uploads\/2025\/01\/25-01_MotoGP_TarifasDescuento10_Hasta30Abril_ESP-scaled.jpg 1385w\" sizes=\"(max-width: 554px) 100vw, 554px\" \/>\t\t\t\t\t\t\t\t\t\t\t\t\t\t\t<\/div>\n\t\t\t\t<\/div>\n\t\t\t\t\t<\/div>\n\t\t<\/div>\n\t\t\t\t<div class=\"elementor-column elementor-col-33 elementor-top-column elementor-element elementor-element-4bb436f\" data-id=\"4bb436f\" data-element_type=\"column\">\n\t\t\t<div class=\"elementor-widget-wrap elementor-element-populated\">\n\t\t\t\t\t\t<div class=\"elementor-element elementor-element-4b59c64 elementor-widget elementor-widget-text-editor\" data-id=\"4b59c64\" data-element_type=\"widget\" data-widget_type=\"text-editor.default\">\n\t\t\t\t<div class=\"elementor-widget-container\">\n\t\t\t\t\t\t\t\t\t<p>Les entrades per a assistir al Gran Premi Motul de la Comunitat Valenciana estaran a la venda a partir del 31 de gener en este <a href=\"https:\/\/entradas.circuitvalencia.com\/circuitvalencia\/events\" target=\"_blank\" rel=\"noopener\"><strong>ENLLA\u00c7<\/strong><\/a><\/p><p>Els <strong>aficionats<\/strong> tindran l&#8217;oportunitat de comprar les entrades <strong>a partir de les 10.00 hores del divendres 31 de gener<\/strong> i ho faran a m\u00e9s amb un descompte de 10 per cent durant els primers tres mesos<\/p><p>El Gran Premi Motul de la Comunitat Valenciana tornar\u00e0 al tra\u00e7at de <strong>Cheste<\/strong> despr\u00e9s d&#8217;un any sense el m\u00e9s important dels esdeveniments del calendari del <strong>Circuit Ricardo Tormo<\/strong>. La major part dels aficionats van aprofitar l&#8217;oportunitat i es van quedar amb les seues entrades 2024, que ser\u00e0 v\u00e0lides en 2025. D&#8217;esta manera el nombre de localitats que ixen a la venda \u00e9s molt menor, al voltant de 20.000.<\/p><p>Els preus d&#8217;estes entrades se situen entre els 49,50 euros de la Tribuna Blanca i els 184,50 euros de la Tribuna de Boxs totes elles v\u00e0lides per als tres dies d&#8217;acci\u00f3 i amb aparcament gratu\u00eft. A m\u00e9s, les entrades j\u00fanior per a aficionats d&#8217;entre 6 i 14 anys comptes amb un descompte del <strong>50 per cent.<\/strong><\/p>\t\t\t\t\t\t\t\t<\/div>\n\t\t\t\t<\/div>\n\t\t\t\t<div class=\"elementor-element elementor-element-574c53e elementor-align-center elementor-widget elementor-widget-button\" data-id=\"574c53e\" data-element_type=\"widget\" data-widget_type=\"button.default\">\n\t\t\t\t<div class=\"elementor-widget-container\">\n\t\t\t\t\t\t\t\t\t<div class=\"elementor-button-wrapper\">\n\t\t\t\t\t<a class=\"elementor-button elementor-button-link elementor-size-sm\" href=\"https:\/\/entradas.circuitvalencia.com\/circuitvalencia\/events\" target=\"_blank\" rel=\"noopener\">\n\t\t\t\t\t\t<span class=\"elementor-button-content-wrapper\">\n\t\t\t\t\t\t\t\t\t<span class=\"elementor-button-text\">Entrades 2025 <\/span>\n\t\t\t\t\t<\/span>\n\t\t\t\t\t<\/a>\n\t\t\t\t<\/div>\n\t\t\t\t\t\t\t\t<\/div>\n\t\t\t\t<\/div>\n\t\t\t\t<div class=\"elementor-element elementor-element-a9a5045 elementor-align-center elementor-widget elementor-widget-button\" data-id=\"a9a5045\" data-element_type=\"widget\" data-widget_type=\"button.default\">\n\t\t\t\t<div class=\"elementor-widget-container\">\n\t\t\t\t\t\t\t\t\t<div class=\"elementor-button-wrapper\">\n\t\t\t\t\t<a class=\"elementor-button elementor-button-link elementor-size-sm\" href=\"https:\/\/www.circuitricardotormo.com\/wp-content\/uploads\/2025\/01\/24-12_CRT_Dossier_LocalidadesVIPS_ESP-ING.pdf\">\n\t\t\t\t\t\t<span class=\"elementor-button-content-wrapper\">\n\t\t\t\t\t\t\t\t\t<span class=\"elementor-button-text\">Localitats VIP 2025 <\/span>\n\t\t\t\t\t<\/span>\n\t\t\t\t\t<\/a>\n\t\t\t\t<\/div>\n\t\t\t\t\t\t\t\t<\/div>\n\t\t\t\t<\/div>\n\t\t\t\t<div class=\"elementor-element elementor-element-4f01bd0 elementor-widget elementor-widget-image\" data-id=\"4f01bd0\" data-element_type=\"widget\" data-widget_type=\"image.default\">\n\t\t\t\t<div class=\"elementor-widget-container\">\n\t\t\t\t\t\t\t\t\t\t\t\t\t\t\t<img decoding=\"async\" width=\"1024\" height=\"576\" src=\"https:\/\/www.circuitricardotormo.com\/wp-content\/uploads\/2024\/11\/MotoGP_Logo_White-1024x576.jpg\" class=\"attachment-large size-large wp-image-32252\" alt=\"\" srcset=\"https:\/\/binn.wpenginepowered.com\/wp-content\/uploads\/2024\/11\/MotoGP_Logo_White-1024x576.jpg 1024w, https:\/\/binn.wpenginepowered.com\/wp-content\/uploads\/2024\/11\/MotoGP_Logo_White-300x169.jpg 300w, https:\/\/binn.wpenginepowered.com\/wp-content\/uploads\/2024\/11\/MotoGP_Logo_White-768x432.jpg 768w, https:\/\/binn.wpenginepowered.com\/wp-content\/uploads\/2024\/11\/MotoGP_Logo_White-1536x864.jpg 1536w, https:\/\/binn.wpenginepowered.com\/wp-content\/uploads\/2024\/11\/MotoGP_Logo_White-2048x1152.jpg 2048w\" sizes=\"(max-width: 1024px) 100vw, 1024px\" \/>\t\t\t\t\t\t\t\t\t\t\t\t\t\t\t<\/div>\n\t\t\t\t<\/div>\n\t\t\t\t\t<\/div>\n\t\t<\/div>\n\t\t\t\t<div class=\"elementor-column elementor-col-33 elementor-top-column elementor-element elementor-element-e76ca7b\" data-id=\"e76ca7b\" data-element_type=\"column\">\n\t\t\t<div class=\"elementor-widget-wrap elementor-element-populated\">\n\t\t\t\t\t\t<div class=\"elementor-element elementor-element-27e3d64 elementor-widget elementor-widget-image\" data-id=\"27e3d64\" data-element_type=\"widget\" data-widget_type=\"image.default\">\n\t\t\t\t<div class=\"elementor-widget-container\">\n\t\t\t\t\t\t\t\t\t\t\t\t\t\t\t<img loading=\"lazy\" decoding=\"async\" width=\"2560\" height=\"1707\" src=\"https:\/\/www.circuitricardotormo.com\/wp-content\/uploads\/2023\/01\/motogp-L-2022-22-scaled-e1737453230497.jpg\" class=\"attachment-full size-full wp-image-24126\" alt=\"\" \/>\t\t\t\t\t\t\t\t\t\t\t\t\t\t\t<\/div>\n\t\t\t\t<\/div>\n\t\t\t\t\t<\/div>\n\t\t<\/div>\n\t\t\t\t\t<\/div>\n\t\t<\/section>\n\t\t\t\t<section class=\"elementor-section elementor-top-section elementor-element elementor-element-c0c3a98 elementor-section-boxed elementor-section-height-default elementor-section-height-default\" data-id=\"c0c3a98\" data-element_type=\"section\" data-settings=\"{&quot;jet_parallax_layout_list&quot;:[]}\">\n\t\t\t\t\t\t<div class=\"elementor-container elementor-column-gap-default\">\n\t\t\t\t\t<div class=\"elementor-column elementor-col-100 elementor-top-column elementor-element elementor-element-a3344e9\" data-id=\"a3344e9\" data-element_type=\"column\">\n\t\t\t<div class=\"elementor-widget-wrap elementor-element-populated\">\n\t\t\t\t\t\t<div class=\"elementor-element elementor-element-31a2d5b elementor-widget-divider--view-line elementor-widget elementor-widget-divider\" data-id=\"31a2d5b\" data-element_type=\"widget\" data-widget_type=\"divider.default\">\n\t\t\t\t<div class=\"elementor-widget-container\">\n\t\t\t\t\t\t\t<div class=\"elementor-divider\">\n\t\t\t<span class=\"elementor-divider-separator\">\n\t\t\t\t\t\t<\/span>\n\t\t<\/div>\n\t\t\t\t\t\t<\/div>\n\t\t\t\t<\/div>\n\t\t\t\t<div class=\"elementor-element elementor-element-3bcf4a0 elementor-grid-4 elementor-grid-tablet-2 elementor-grid-mobile-1 elementor-posts--thumbnail-top elementor-widget elementor-widget-posts\" data-id=\"3bcf4a0\" data-element_type=\"widget\" data-settings=\"{&quot;classic_columns&quot;:&quot;4&quot;,&quot;classic_columns_tablet&quot;:&quot;2&quot;,&quot;classic_columns_mobile&quot;:&quot;1&quot;,&quot;classic_row_gap&quot;:{&quot;unit&quot;:&quot;px&quot;,&quot;size&quot;:35,&quot;sizes&quot;:[]},&quot;classic_row_gap_tablet&quot;:{&quot;unit&quot;:&quot;px&quot;,&quot;size&quot;:&quot;&quot;,&quot;sizes&quot;:[]},&quot;classic_row_gap_mobile&quot;:{&quot;unit&quot;:&quot;px&quot;,&quot;size&quot;:&quot;&quot;,&quot;sizes&quot;:[]}}\" data-widget_type=\"posts.classic\">\n\t\t\t\t<div class=\"elementor-widget-container\">\n\t\t\t\t\t\t\t<div class=\"elementor-posts-container elementor-posts elementor-posts--skin-classic elementor-grid\" role=\"list\">\n\t\t\t\t<article class=\"elementor-post elementor-grid-item post-20000 post type-post status-publish format-standard has-post-thumbnail hentry category-noticias-val tag-motogp tag-valenciagp\" role=\"listitem\">\n\t\t\t\t<a class=\"elementor-post__thumbnail__link\" href=\"https:\/\/www.circuitricardotormo.com\/ca\/el-public-i-valentino-rossi-seran-els-grans-protagonistes-de-la-cita-valenciana-del-motociclisme\/\" tabindex=\"-1\">\n\t\t\t<div class=\"elementor-post__thumbnail\"><img loading=\"lazy\" decoding=\"async\" width=\"300\" height=\"200\" src=\"https:\/\/www.circuitricardotormo.com\/wp-content\/uploads\/2022\/04\/211018_EDUC_foto1_Gran-Premi-Cheste-300x200.jpg\" class=\"attachment-medium size-medium wp-image-15643\" alt=\"\" srcset=\"https:\/\/binn.wpenginepowered.com\/wp-content\/uploads\/2022\/04\/211018_EDUC_foto1_Gran-Premi-Cheste-300x200.jpg 300w, https:\/\/binn.wpenginepowered.com\/wp-content\/uploads\/2022\/04\/211018_EDUC_foto1_Gran-Premi-Cheste-1024x683.jpg 1024w, https:\/\/binn.wpenginepowered.com\/wp-content\/uploads\/2022\/04\/211018_EDUC_foto1_Gran-Premi-Cheste-768x512.jpg 768w, https:\/\/binn.wpenginepowered.com\/wp-content\/uploads\/2022\/04\/211018_EDUC_foto1_Gran-Premi-Cheste-1536x1024.jpg 1536w, https:\/\/binn.wpenginepowered.com\/wp-content\/uploads\/2022\/04\/211018_EDUC_foto1_Gran-Premi-Cheste.jpg 1545w\" sizes=\"(max-width: 300px) 100vw, 300px\" \/><\/div>\n\t\t<\/a>\n\t\t\t\t<div class=\"elementor-post__text\">\n\t\t\t\t<h3 class=\"elementor-post__title\">\n\t\t\t<a href=\"https:\/\/www.circuitricardotormo.com\/ca\/el-public-i-valentino-rossi-seran-els-grans-protagonistes-de-la-cita-valenciana-del-motociclisme\/\">\n\t\t\t\tEl p\u00fablic i Valentino Rossi seran els grans protagonistes de la cita valenciana del motociclisme\t\t\t<\/a>\n\t\t<\/h3>\n\t\t\t\t<div class=\"elementor-post__meta-data\">\n\t\t\t\t\t<span class=\"elementor-post-date\">\n\t\t\toctubre 18, 2021\t\t<\/span>\n\t\t\t\t<\/div>\n\t\t\t\t<div class=\"elementor-post__excerpt\">\n\t\t\t<p>El director general d\u2019Esport, Josep Miquel Moya ha presentat al Circuit Ricardo Tormo el cartell del Gran Premi Motul de la Comunitat Valenciana que se celebrar\u00e0 a Cheste els dies 12, 13 i<\/p>\n\t\t<\/div>\n\t\t\t\t<\/div>\n\t\t\t\t<\/article>\n\t\t\t\t<article class=\"elementor-post elementor-grid-item post-19997 post type-post status-publish format-standard has-post-thumbnail hentry category-noticias-val tag-entradas tag-gran-premio tag-valenciagp\" role=\"listitem\">\n\t\t\t\t<a class=\"elementor-post__thumbnail__link\" href=\"https:\/\/www.circuitricardotormo.com\/ca\/el-circuit-ricardo-tormo-posa-a-la-venda-les-entrades-del-gran-premi\/\" tabindex=\"-1\">\n\t\t\t<div class=\"elementor-post__thumbnail\"><img loading=\"lazy\" decoding=\"async\" width=\"300\" height=\"200\" src=\"https:\/\/www.circuitricardotormo.com\/wp-content\/uploads\/2022\/04\/Gran-Premio-salida-MotoGP-publico-300x200.jpg\" class=\"attachment-medium size-medium wp-image-15421\" alt=\"\" srcset=\"https:\/\/binn.wpenginepowered.com\/wp-content\/uploads\/2022\/04\/Gran-Premio-salida-MotoGP-publico-300x200.jpg 300w, https:\/\/binn.wpenginepowered.com\/wp-content\/uploads\/2022\/04\/Gran-Premio-salida-MotoGP-publico-1024x683.jpg 1024w, https:\/\/binn.wpenginepowered.com\/wp-content\/uploads\/2022\/04\/Gran-Premio-salida-MotoGP-publico-768x512.jpg 768w, https:\/\/binn.wpenginepowered.com\/wp-content\/uploads\/2022\/04\/Gran-Premio-salida-MotoGP-publico-1536x1024.jpg 1536w, https:\/\/binn.wpenginepowered.com\/wp-content\/uploads\/2022\/04\/Gran-Premio-salida-MotoGP-publico-2048x1365.jpg 2048w\" sizes=\"(max-width: 300px) 100vw, 300px\" \/><\/div>\n\t\t<\/a>\n\t\t\t\t<div class=\"elementor-post__text\">\n\t\t\t\t<h3 class=\"elementor-post__title\">\n\t\t\t<a href=\"https:\/\/www.circuitricardotormo.com\/ca\/el-circuit-ricardo-tormo-posa-a-la-venda-les-entrades-del-gran-premi\/\">\n\t\t\t\tEl Circuit Ricardo Tormo posa a la venda les entrades del Gran Premi\t\t\t<\/a>\n\t\t<\/h3>\n\t\t\t\t<div class=\"elementor-post__meta-data\">\n\t\t\t\t\t<span class=\"elementor-post-date\">\n\t\t\tjuliol 27, 2021\t\t<\/span>\n\t\t\t\t<\/div>\n\t\t\t\t<div class=\"elementor-post__excerpt\">\n\t\t\t<p>El Circuit Ricardo Tormo ha posat a la venda les entrades per a assistir al Gran Premi Motul de la Comunitat Valenciana que tancar\u00e0 el Campionat del M\u00f3n de Motociclisme els dies 12,<\/p>\n\t\t<\/div>\n\t\t\t\t<\/div>\n\t\t\t\t<\/article>\n\t\t\t\t<article class=\"elementor-post elementor-grid-item post-19980 post type-post status-publish format-standard has-post-thumbnail hentry category-noticias-val tag-cheste tag-motogp tag-valenciagp\" role=\"listitem\">\n\t\t\t\t<a class=\"elementor-post__thumbnail__link\" href=\"https:\/\/www.circuitricardotormo.com\/ca\/el-circuit-celebrara-els-dos-grans-premis-amb-estrictes-mesures-de-seguretat\/\" tabindex=\"-1\">\n\t\t\t<div class=\"elementor-post__thumbnail\"><img loading=\"lazy\" decoding=\"async\" width=\"300\" height=\"212\" src=\"https:\/\/www.circuitricardotormo.com\/wp-content\/uploads\/2022\/04\/web-Entrada-al-Circuit-300x212.jpg\" class=\"attachment-medium size-medium wp-image-14105\" alt=\"\" srcset=\"https:\/\/binn.wpenginepowered.com\/wp-content\/uploads\/2022\/04\/web-Entrada-al-Circuit-300x212.jpg 300w, https:\/\/binn.wpenginepowered.com\/wp-content\/uploads\/2022\/04\/web-Entrada-al-Circuit-768x542.jpg 768w, https:\/\/binn.wpenginepowered.com\/wp-content\/uploads\/2022\/04\/web-Entrada-al-Circuit.jpg 817w\" sizes=\"(max-width: 300px) 100vw, 300px\" \/><\/div>\n\t\t<\/a>\n\t\t\t\t<div class=\"elementor-post__text\">\n\t\t\t\t<h3 class=\"elementor-post__title\">\n\t\t\t<a href=\"https:\/\/www.circuitricardotormo.com\/ca\/el-circuit-celebrara-els-dos-grans-premis-amb-estrictes-mesures-de-seguretat\/\">\n\t\t\t\tEl Circuit celebrar\u00e0 els dos grans premis amb estrictes mesures de seguretat\t\t\t<\/a>\n\t\t<\/h3>\n\t\t\t\t<div class=\"elementor-post__meta-data\">\n\t\t\t\t\t<span class=\"elementor-post-date\">\n\t\t\tnovembre 3, 2020\t\t<\/span>\n\t\t\t\t<\/div>\n\t\t\t\t<div class=\"elementor-post__excerpt\">\n\t\t\t<p>El Circuit Ricardo Tormo acull, des del pr\u00f2xim cap de setmana, dues cites decisives del Campionat del M\u00f3n de Motociclisme, el Gran Premi d\u2019Europa el dia 8 i el Gran Premi Motul de<\/p>\n\t\t<\/div>\n\t\t\t\t<\/div>\n\t\t\t\t<\/article>\n\t\t\t\t<article class=\"elementor-post elementor-grid-item post-19974 post type-post status-publish format-standard has-post-thumbnail hentry category-noticias-val tag-motogp tag-valenciagp\" role=\"listitem\">\n\t\t\t\t<a class=\"elementor-post__thumbnail__link\" href=\"https:\/\/www.circuitricardotormo.com\/ca\/el-circuit-ricardo-tormo-elabora-un-protocol-per-a-admetre-public-en-el-gran-premi-de-la-comunitat-valenciana\/\" tabindex=\"-1\">\n\t\t\t<div class=\"elementor-post__thumbnail\"><img loading=\"lazy\" decoding=\"async\" width=\"300\" height=\"183\" src=\"https:\/\/www.circuitricardotormo.com\/wp-content\/uploads\/2022\/04\/32558650_1744292255608937_703519693238960128_n-300x183.jpg\" class=\"attachment-medium size-medium wp-image-13911\" alt=\"\" srcset=\"https:\/\/binn.wpenginepowered.com\/wp-content\/uploads\/2022\/04\/32558650_1744292255608937_703519693238960128_n-300x183.jpg 300w, https:\/\/binn.wpenginepowered.com\/wp-content\/uploads\/2022\/04\/32558650_1744292255608937_703519693238960128_n-768x467.jpg 768w, https:\/\/binn.wpenginepowered.com\/wp-content\/uploads\/2022\/04\/32558650_1744292255608937_703519693238960128_n.jpg 960w\" sizes=\"(max-width: 300px) 100vw, 300px\" \/><\/div>\n\t\t<\/a>\n\t\t\t\t<div class=\"elementor-post__text\">\n\t\t\t\t<h3 class=\"elementor-post__title\">\n\t\t\t<a href=\"https:\/\/www.circuitricardotormo.com\/ca\/el-circuit-ricardo-tormo-elabora-un-protocol-per-a-admetre-public-en-el-gran-premi-de-la-comunitat-valenciana\/\">\n\t\t\t\tEl Circuit Ricardo Tormo elabora un protocol per a admetre p\u00fablic en el Gran Premi de la Comunitat Valenciana\t\t\t<\/a>\n\t\t<\/h3>\n\t\t\t\t<div class=\"elementor-post__meta-data\">\n\t\t\t\t\t<span class=\"elementor-post-date\">\n\t\t\tsetembre 17, 2020\t\t<\/span>\n\t\t\t\t<\/div>\n\t\t\t\t<div class=\"elementor-post__excerpt\">\n\t\t\t<p>El Circuit Ricardo Tormo\u00a0celebrar\u00e0 els pr\u00f2xims 8 i 15 de novembre dues proves del Campionat del M\u00f3n de Motociclisme que ha vist modificat el seu calendari diverses vegades amb motiu de la pand\u00e8mia<\/p>\n\t\t<\/div>\n\t\t\t\t<\/div>\n\t\t\t\t<\/article>\n\t\t\t\t<\/div>\n\t\t\n\t\t\t\t\t\t<\/div>\n\t\t\t\t<\/div>\n\t\t\t\t<div class=\"elementor-element elementor-element-28cd47c elementor-align-center elementor-widget elementor-widget-button\" data-id=\"28cd47c\" data-element_type=\"widget\" data-widget_type=\"button.default\">\n\t\t\t\t<div class=\"elementor-widget-container\">\n\t\t\t\t\t\t\t\t\t<div class=\"elementor-button-wrapper\">\n\t\t\t\t\t<a class=\"elementor-button elementor-button-link elementor-size-sm\" href=\"https:\/\/entradas.circuitvalencia.com\/circuitvalencia\/events\" target=\"_blank\" rel=\"noopener\">\n\t\t\t\t\t\t<span class=\"elementor-button-content-wrapper\">\n\t\t\t\t\t\t\t\t\t<span class=\"elementor-button-text\">Entrades 2025<\/span>\n\t\t\t\t\t<\/span>\n\t\t\t\t\t<\/a>\n\t\t\t\t<\/div>\n\t\t\t\t\t\t\t\t<\/div>\n\t\t\t\t<\/div>\n\t\t\t\t\t<\/div>\n\t\t<\/div>\n\t\t\t\t\t<\/div>\n\t\t<\/section>\n\t\t\t\t<\/div>\n\t\t","protected":false},"excerpt":{"rendered":"<p>El Gran Premi Motul de la Comunitat Valenciana tronar\u00e0 els dies 14, 15 i 16 de novembre de 2025 al Circuit Ricardo Tormo. Ser\u00e0 com sempre el fermall d&#8217;or a la temporada 2025 de MotoGP. El tra\u00e7at de Cheste decidir\u00e0 les classificacions finals de Moto3, Moto2 i de MotoGP en un any molt especial que [&hellip;]<\/p>\n","protected":false},"author":2,"featured_media":0,"parent":0,"menu_order":0,"comment_status":"closed","ping_status":"closed","template":"","meta":{"_acf_changed":false,"footnotes":""},"class_list":["post-32566","page","type-page","status-publish","hentry"],"acf":[],"_links":{"self":[{"href":"https:\/\/www.circuitricardotormo.com\/ca\/wp-json\/wp\/v2\/pages\/32566","targetHints":{"allow":["GET"]}}],"collection":[{"href":"https:\/\/www.circuitricardotormo.com\/ca\/wp-json\/wp\/v2\/pages"}],"about":[{"href":"https:\/\/www.circuitricardotormo.com\/ca\/wp-json\/wp\/v2\/types\/page"}],"author":[{"embeddable":true,"href":"https:\/\/www.circuitricardotormo.com\/ca\/wp-json\/wp\/v2\/users\/2"}],"replies":[{"embeddable":true,"href":"https:\/\/www.circuitricardotormo.com\/ca\/wp-json\/wp\/v2\/comments?post=32566"}],"version-history":[{"count":0,"href":"https:\/\/www.circuitricardotormo.com\/ca\/wp-json\/wp\/v2\/pages\/32566\/revisions"}],"wp:attachment":[{"href":"https:\/\/www.circuitricardotormo.com\/ca\/wp-json\/wp\/v2\/media?parent=32566"}],"curies":[{"name":"wp","href":"https:\/\/api.w.org\/{rel}","templated":true}]}}