{"id":32553,"date":"2025-01-21T13:36:11","date_gmt":"2025-01-21T11:36:11","guid":{"rendered":"https:\/\/www.circuitricardotormo.com\/motul-comunitat-valenciana-grand-prix-2025\/"},"modified":"2025-10-16T13:42:49","modified_gmt":"2025-10-16T11:42:49","slug":"motul-comunitat-valenciana-grand-prix-2025","status":"publish","type":"page","link":"https:\/\/www.circuitricardotormo.com\/en\/motul-comunitat-valenciana-grand-prix-2025\/","title":{"rendered":"Motul Comunitat Valenciana Grand Prix 2025"},"content":{"rendered":"\t\t<div data-elementor-type=\"wp-page\" data-elementor-id=\"32553\" class=\"elementor elementor-32553 elementor-32534\" data-elementor-post-type=\"page\">\n\t\t\t\t\t\t<section class=\"elementor-section elementor-top-section elementor-element elementor-element-3917ddc elementor-section-boxed elementor-section-height-default elementor-section-height-default\" data-id=\"3917ddc\" data-element_type=\"section\" data-settings=\"{&quot;jet_parallax_layout_list&quot;:[]}\">\n\t\t\t\t\t\t<div class=\"elementor-container elementor-column-gap-default\">\n\t\t\t\t\t<div class=\"elementor-column elementor-col-100 elementor-top-column elementor-element elementor-element-5fdb16a\" data-id=\"5fdb16a\" data-element_type=\"column\">\n\t\t\t<div class=\"elementor-widget-wrap elementor-element-populated\">\n\t\t\t\t\t\t<section class=\"elementor-section elementor-inner-section elementor-element elementor-element-16416ff elementor-section-boxed elementor-section-height-default elementor-section-height-default\" data-id=\"16416ff\" data-element_type=\"section\" data-settings=\"{&quot;jet_parallax_layout_list&quot;:[]}\">\n\t\t\t\t\t\t<div class=\"elementor-container elementor-column-gap-default\">\n\t\t\t\t\t<div class=\"elementor-column elementor-col-50 elementor-inner-column elementor-element elementor-element-f22694d\" data-id=\"f22694d\" data-element_type=\"column\">\n\t\t\t<div class=\"elementor-widget-wrap elementor-element-populated\">\n\t\t\t\t\t\t<div class=\"elementor-element elementor-element-c4b9610 elementor-widget elementor-widget-image\" data-id=\"c4b9610\" data-element_type=\"widget\" data-widget_type=\"image.default\">\n\t\t\t\t<div class=\"elementor-widget-container\">\n\t\t\t\t\t\t\t\t\t\t\t\t\t\t\t<img fetchpriority=\"high\" decoding=\"async\" width=\"1024\" height=\"576\" src=\"https:\/\/www.circuitricardotormo.com\/wp-content\/uploads\/2024\/11\/motogp-1024x576.jpg\" class=\"attachment-large size-large wp-image-32256\" alt=\"\" srcset=\"https:\/\/binn.wpenginepowered.com\/wp-content\/uploads\/2024\/11\/motogp-1024x576.jpg 1024w, https:\/\/binn.wpenginepowered.com\/wp-content\/uploads\/2024\/11\/motogp-300x169.jpg 300w, https:\/\/binn.wpenginepowered.com\/wp-content\/uploads\/2024\/11\/motogp-768x432.jpg 768w, https:\/\/binn.wpenginepowered.com\/wp-content\/uploads\/2024\/11\/motogp-1536x864.jpg 1536w, https:\/\/binn.wpenginepowered.com\/wp-content\/uploads\/2024\/11\/motogp-2048x1152.jpg 2048w\" sizes=\"(max-width: 1024px) 100vw, 1024px\" \/>\t\t\t\t\t\t\t\t\t\t\t\t\t\t\t<\/div>\n\t\t\t\t<\/div>\n\t\t\t\t\t<\/div>\n\t\t<\/div>\n\t\t\t\t<div class=\"elementor-column elementor-col-50 elementor-inner-column elementor-element elementor-element-7d33761\" data-id=\"7d33761\" data-element_type=\"column\">\n\t\t\t<div class=\"elementor-widget-wrap elementor-element-populated\">\n\t\t\t\t\t\t<div class=\"elementor-element elementor-element-a644d80 elementor-widget elementor-widget-text-editor\" data-id=\"a644d80\" data-element_type=\"widget\" data-widget_type=\"text-editor.default\">\n\t\t\t\t<div class=\"elementor-widget-container\">\n\t\t\t\t\t\t\t\t\t<p>The <strong>Motul Comunitat Valenciana Grand Prix<\/strong> will return to the Circuit Ricardo Tormo on <strong>14, 15 and 16 November 2025<\/strong>. It will be, as always, the finishing touch to the 2025 <strong>MotoGP<\/strong> season.<\/p><p>The Valencia track will decide the final Moto3, Moto2 and MotoGP classifications in a very special year that will mark the return of the <strong>MotoGP<\/strong> World Championship to its home in Valencia, at the <strong>Circuit Ricardo Tormo<\/strong>.<\/p>\t\t\t\t\t\t\t\t<\/div>\n\t\t\t\t<\/div>\n\t\t\t\t<div class=\"elementor-element elementor-element-7b115af elementor-align-center elementor-widget elementor-widget-button\" data-id=\"7b115af\" data-element_type=\"widget\" data-widget_type=\"button.default\">\n\t\t\t\t<div class=\"elementor-widget-container\">\n\t\t\t\t\t\t\t\t\t<div class=\"elementor-button-wrapper\">\n\t\t\t\t\t<a class=\"elementor-button elementor-button-link elementor-size-sm\" href=\"https:\/\/entradas.circuitvalencia.com\/circuitvalencia\/events\" target=\"_blank\" rel=\"noopener\">\n\t\t\t\t\t\t<span class=\"elementor-button-content-wrapper\">\n\t\t\t\t\t\t\t\t\t<span class=\"elementor-button-text\">2025 Tickets ON SALE<\/span>\n\t\t\t\t\t<\/span>\n\t\t\t\t\t<\/a>\n\t\t\t\t<\/div>\n\t\t\t\t\t\t\t\t<\/div>\n\t\t\t\t<\/div>\n\t\t\t\t<div class=\"elementor-element elementor-element-d034121 elementor-widget elementor-widget-text-editor\" data-id=\"d034121\" data-element_type=\"widget\" data-widget_type=\"text-editor.default\">\n\t\t\t\t<div class=\"elementor-widget-container\">\n\t\t\t\t\t\t\t\t\t<p>Jorge Mart\u00edn, Francesco Bagnaia, Marc M\u00e1rquez, Enea Bastianini, Pedro Acosta, Fabio Quartararo, Maverick Vi\u00f1ales, Brad Binder&#8230; and the young\u00a0 Ferm\u00edn Aldeguer. Ai Ogura y Somkiat Chantra will be fighting for victories in <strong>MotoGP<\/strong> and the Spaniards will once again be protagonists in <strong>Moto2<\/strong> and <strong>Moto3<\/strong> in a season that promises strong emotions.<\/p>\t\t\t\t\t\t\t\t<\/div>\n\t\t\t\t<\/div>\n\t\t\t\t\t<\/div>\n\t\t<\/div>\n\t\t\t\t\t<\/div>\n\t\t<\/section>\n\t\t\t\t\t<\/div>\n\t\t<\/div>\n\t\t\t\t\t<\/div>\n\t\t<\/section>\n\t\t\t\t<section class=\"elementor-section elementor-top-section elementor-element elementor-element-ccc292b elementor-section-boxed elementor-section-height-default elementor-section-height-default\" data-id=\"ccc292b\" data-element_type=\"section\" data-settings=\"{&quot;jet_parallax_layout_list&quot;:[]}\">\n\t\t\t\t\t\t<div class=\"elementor-container elementor-column-gap-default\">\n\t\t\t\t\t<div class=\"elementor-column elementor-col-100 elementor-top-column elementor-element elementor-element-49a3e71\" data-id=\"49a3e71\" data-element_type=\"column\">\n\t\t\t<div class=\"elementor-widget-wrap elementor-element-populated\">\n\t\t\t\t\t\t<div class=\"elementor-element elementor-element-ecdcd13 elementor-widget-divider--view-line elementor-widget elementor-widget-divider\" data-id=\"ecdcd13\" data-element_type=\"widget\" data-widget_type=\"divider.default\">\n\t\t\t\t<div class=\"elementor-widget-container\">\n\t\t\t\t\t\t\t<div class=\"elementor-divider\">\n\t\t\t<span class=\"elementor-divider-separator\">\n\t\t\t\t\t\t<\/span>\n\t\t<\/div>\n\t\t\t\t\t\t<\/div>\n\t\t\t\t<\/div>\n\t\t\t\t<div class=\"elementor-element elementor-element-d82d199 elementor-widget elementor-widget-image\" data-id=\"d82d199\" data-element_type=\"widget\" data-widget_type=\"image.default\">\n\t\t\t\t<div class=\"elementor-widget-container\">\n\t\t\t\t\t\t\t\t\t\t\t\t\t\t\t\t<a href=\"https:\/\/tickets.oneboxtds.com\/panoramavillage\/events\/47396?sessionView=LIST\" target=\"_blank\" rel=\"noopener\">\n\t\t\t\t\t\t\t<img decoding=\"async\" width=\"680\" height=\"370\" src=\"https:\/\/www.circuitricardotormo.com\/wp-content\/uploads\/2025\/10\/2025_banner_valencia_web_circuito_680x370_OneBox.png\" class=\"attachment-large size-large wp-image-35278\" alt=\"\" srcset=\"https:\/\/binn.wpenginepowered.com\/wp-content\/uploads\/2025\/10\/2025_banner_valencia_web_circuito_680x370_OneBox.png 680w, https:\/\/binn.wpenginepowered.com\/wp-content\/uploads\/2025\/10\/2025_banner_valencia_web_circuito_680x370_OneBox-300x163.png 300w\" sizes=\"(max-width: 680px) 100vw, 680px\" \/>\t\t\t\t\t\t\t\t<\/a>\n\t\t\t\t\t\t\t\t\t\t\t\t\t\t\t<\/div>\n\t\t\t\t<\/div>\n\t\t\t\t<div class=\"elementor-element elementor-element-7c29d9f elementor-widget-divider--view-line elementor-widget elementor-widget-divider\" data-id=\"7c29d9f\" data-element_type=\"widget\" data-widget_type=\"divider.default\">\n\t\t\t\t<div class=\"elementor-widget-container\">\n\t\t\t\t\t\t\t<div class=\"elementor-divider\">\n\t\t\t<span class=\"elementor-divider-separator\">\n\t\t\t\t\t\t<\/span>\n\t\t<\/div>\n\t\t\t\t\t\t<\/div>\n\t\t\t\t<\/div>\n\t\t\t\t\t<\/div>\n\t\t<\/div>\n\t\t\t\t\t<\/div>\n\t\t<\/section>\n\t\t\t\t<section class=\"elementor-section elementor-top-section elementor-element elementor-element-7565a82 elementor-section-boxed elementor-section-height-default elementor-section-height-default\" data-id=\"7565a82\" data-element_type=\"section\" data-settings=\"{&quot;jet_parallax_layout_list&quot;:[]}\">\n\t\t\t\t\t\t<div class=\"elementor-container elementor-column-gap-default\">\n\t\t\t\t\t<div class=\"elementor-column elementor-col-33 elementor-top-column elementor-element elementor-element-cc36780\" data-id=\"cc36780\" data-element_type=\"column\">\n\t\t\t<div class=\"elementor-widget-wrap elementor-element-populated\">\n\t\t\t\t\t\t<div class=\"elementor-element elementor-element-8698a56 elementor-widget elementor-widget-image\" data-id=\"8698a56\" data-element_type=\"widget\" data-widget_type=\"image.default\">\n\t\t\t\t<div class=\"elementor-widget-container\">\n\t\t\t\t\t\t\t\t\t\t\t\t\t\t\t<img decoding=\"async\" width=\"819\" height=\"1024\" src=\"https:\/\/www.circuitricardotormo.com\/wp-content\/uploads\/2025\/10\/sold-Out-ValenciaGP-819x1024.jpg\" class=\"attachment-large size-large wp-image-35273\" alt=\"\" srcset=\"https:\/\/binn.wpenginepowered.com\/wp-content\/uploads\/2025\/10\/sold-Out-ValenciaGP-819x1024.jpg 819w, https:\/\/binn.wpenginepowered.com\/wp-content\/uploads\/2025\/10\/sold-Out-ValenciaGP-240x300.jpg 240w, https:\/\/binn.wpenginepowered.com\/wp-content\/uploads\/2025\/10\/sold-Out-ValenciaGP-768x960.jpg 768w, https:\/\/binn.wpenginepowered.com\/wp-content\/uploads\/2025\/10\/sold-Out-ValenciaGP.jpg 1080w\" sizes=\"(max-width: 819px) 100vw, 819px\" \/>\t\t\t\t\t\t\t\t\t\t\t\t\t\t\t<\/div>\n\t\t\t\t<\/div>\n\t\t\t\t\t<\/div>\n\t\t<\/div>\n\t\t\t\t<div class=\"elementor-column elementor-col-33 elementor-top-column elementor-element elementor-element-4bb436f\" data-id=\"4bb436f\" data-element_type=\"column\">\n\t\t\t<div class=\"elementor-widget-wrap elementor-element-populated\">\n\t\t\t\t\t\t<div class=\"elementor-element elementor-element-4b59c64 elementor-widget elementor-widget-text-editor\" data-id=\"4b59c64\" data-element_type=\"widget\" data-widget_type=\"text-editor.default\">\n\t\t\t\t<div class=\"elementor-widget-container\">\n\t\t\t\t\t\t\t\t\t<p><span style=\"font-size: 12.96px\">Tickets to attend the Gran Premio Motul de la Comunitat Valenciana will be on sale from January 31st at this LINK<\/span><\/p><p><span style=\"font-size: 12.96px\">Fans will have the opportunity to buy tickets <strong>from 10:00 on Friday 31 January<\/strong> and will also be able to do so with a 10 percent discount for the first three months.<\/span><\/p><p><span style=\"font-size: 12.96px\">The Motul Comunitat Valenciana Grand Prix will return to the <strong>Valencia<\/strong> circuit after a year without the most important event on the calendar of the Circuit Ricardo Tormo. Most of the fans took advantage of the opportunity and kept their 2024 tickets, which will be valid in <strong>2025<\/strong>. This way, the number of tickets on sale is much smaller, around 20,000.<\/span><\/p><p><span style=\"font-size: 12.96px\">The prices for these tickets range from 49.50 Euros for the White Grandstand to 184.50 Euros for the Box Grandstand, all of which are valid for all three days of action and with free parking. In addition, junior tickets for fans between 6 and 14 years of age have a <b>50 per cent discount.<\/b><\/span><\/p>\t\t\t\t\t\t\t\t<\/div>\n\t\t\t\t<\/div>\n\t\t\t\t<div class=\"elementor-element elementor-element-574c53e elementor-align-center elementor-widget elementor-widget-button\" data-id=\"574c53e\" data-element_type=\"widget\" data-widget_type=\"button.default\">\n\t\t\t\t<div class=\"elementor-widget-container\">\n\t\t\t\t\t\t\t\t\t<div class=\"elementor-button-wrapper\">\n\t\t\t\t\t<a class=\"elementor-button elementor-button-link elementor-size-sm\" href=\"https:\/\/www.circuitricardotormo.com\/wp-content\/uploads\/2025\/01\/24-12_CRT_Dossier_LocalidadesVIPS_ESP-ING.pdf\">\n\t\t\t\t\t\t<span class=\"elementor-button-content-wrapper\">\n\t\t\t\t\t\t\t\t\t<span class=\"elementor-button-text\">VIP Tickets<\/span>\n\t\t\t\t\t<\/span>\n\t\t\t\t\t<\/a>\n\t\t\t\t<\/div>\n\t\t\t\t\t\t\t\t<\/div>\n\t\t\t\t<\/div>\n\t\t\t\t<div class=\"elementor-element elementor-element-e9a211e elementor-align-center elementor-widget elementor-widget-button\" data-id=\"e9a211e\" data-element_type=\"widget\" data-widget_type=\"button.default\">\n\t\t\t\t<div class=\"elementor-widget-container\">\n\t\t\t\t\t\t\t\t\t<div class=\"elementor-button-wrapper\">\n\t\t\t\t\t<a class=\"elementor-button elementor-button-link elementor-size-sm\" href=\"https:\/\/entradas.circuitvalencia.com\/circuitvalencia\/events\" target=\"_blank\" rel=\"noopener\">\n\t\t\t\t\t\t<span class=\"elementor-button-content-wrapper\">\n\t\t\t\t\t\t\t\t\t<span class=\"elementor-button-text\">2025 Tickets<\/span>\n\t\t\t\t\t<\/span>\n\t\t\t\t\t<\/a>\n\t\t\t\t<\/div>\n\t\t\t\t\t\t\t\t<\/div>\n\t\t\t\t<\/div>\n\t\t\t\t<div class=\"elementor-element elementor-element-4f01bd0 elementor-widget elementor-widget-image\" data-id=\"4f01bd0\" data-element_type=\"widget\" data-widget_type=\"image.default\">\n\t\t\t\t<div class=\"elementor-widget-container\">\n\t\t\t\t\t\t\t\t\t\t\t\t\t\t\t<img loading=\"lazy\" decoding=\"async\" width=\"1024\" height=\"576\" src=\"https:\/\/www.circuitricardotormo.com\/wp-content\/uploads\/2024\/11\/MotoGP_Logo_White-1024x576.jpg\" class=\"attachment-large size-large wp-image-32253\" alt=\"\" srcset=\"https:\/\/binn.wpenginepowered.com\/wp-content\/uploads\/2024\/11\/MotoGP_Logo_White-1024x576.jpg 1024w, https:\/\/binn.wpenginepowered.com\/wp-content\/uploads\/2024\/11\/MotoGP_Logo_White-300x169.jpg 300w, https:\/\/binn.wpenginepowered.com\/wp-content\/uploads\/2024\/11\/MotoGP_Logo_White-768x432.jpg 768w, https:\/\/binn.wpenginepowered.com\/wp-content\/uploads\/2024\/11\/MotoGP_Logo_White-1536x864.jpg 1536w, https:\/\/binn.wpenginepowered.com\/wp-content\/uploads\/2024\/11\/MotoGP_Logo_White-2048x1152.jpg 2048w\" sizes=\"(max-width: 1024px) 100vw, 1024px\" \/>\t\t\t\t\t\t\t\t\t\t\t\t\t\t\t<\/div>\n\t\t\t\t<\/div>\n\t\t\t\t\t<\/div>\n\t\t<\/div>\n\t\t\t\t<div class=\"elementor-column elementor-col-33 elementor-top-column elementor-element elementor-element-e76ca7b\" data-id=\"e76ca7b\" data-element_type=\"column\">\n\t\t\t<div class=\"elementor-widget-wrap elementor-element-populated\">\n\t\t\t\t\t\t<div class=\"elementor-element elementor-element-27e3d64 elementor-widget elementor-widget-image\" data-id=\"27e3d64\" data-element_type=\"widget\" data-widget_type=\"image.default\">\n\t\t\t\t<div class=\"elementor-widget-container\">\n\t\t\t\t\t\t\t\t\t\t\t\t\t\t\t<img loading=\"lazy\" decoding=\"async\" width=\"1440\" height=\"2560\" src=\"https:\/\/www.circuitricardotormo.com\/wp-content\/uploads\/2025\/10\/ENG-MotoGP-is-Back-scaled.jpg\" class=\"attachment-full size-full wp-image-35284\" alt=\"\" srcset=\"https:\/\/binn.wpenginepowered.com\/wp-content\/uploads\/2025\/10\/ENG-MotoGP-is-Back-scaled.jpg 1440w, https:\/\/binn.wpenginepowered.com\/wp-content\/uploads\/2025\/10\/ENG-MotoGP-is-Back-169x300.jpg 169w, https:\/\/binn.wpenginepowered.com\/wp-content\/uploads\/2025\/10\/ENG-MotoGP-is-Back-576x1024.jpg 576w, https:\/\/binn.wpenginepowered.com\/wp-content\/uploads\/2025\/10\/ENG-MotoGP-is-Back-768x1366.jpg 768w, https:\/\/binn.wpenginepowered.com\/wp-content\/uploads\/2025\/10\/ENG-MotoGP-is-Back-864x1536.jpg 864w, https:\/\/binn.wpenginepowered.com\/wp-content\/uploads\/2025\/10\/ENG-MotoGP-is-Back-1152x2048.jpg 1152w\" sizes=\"(max-width: 1440px) 100vw, 1440px\" \/>\t\t\t\t\t\t\t\t\t\t\t\t\t\t\t<\/div>\n\t\t\t\t<\/div>\n\t\t\t\t\t<\/div>\n\t\t<\/div>\n\t\t\t\t\t<\/div>\n\t\t<\/section>\n\t\t\t\t<section class=\"elementor-section elementor-top-section elementor-element elementor-element-c0c3a98 elementor-section-boxed elementor-section-height-default elementor-section-height-default\" data-id=\"c0c3a98\" data-element_type=\"section\" data-settings=\"{&quot;jet_parallax_layout_list&quot;:[]}\">\n\t\t\t\t\t\t<div class=\"elementor-container elementor-column-gap-default\">\n\t\t\t\t\t<div class=\"elementor-column elementor-col-100 elementor-top-column elementor-element elementor-element-a3344e9\" data-id=\"a3344e9\" data-element_type=\"column\">\n\t\t\t<div class=\"elementor-widget-wrap elementor-element-populated\">\n\t\t\t\t\t\t<div class=\"elementor-element elementor-element-8cff3c6 elementor-widget-divider--view-line elementor-widget elementor-widget-divider\" data-id=\"8cff3c6\" data-element_type=\"widget\" data-widget_type=\"divider.default\">\n\t\t\t\t<div class=\"elementor-widget-container\">\n\t\t\t\t\t\t\t<div class=\"elementor-divider\">\n\t\t\t<span class=\"elementor-divider-separator\">\n\t\t\t\t\t\t<\/span>\n\t\t<\/div>\n\t\t\t\t\t\t<\/div>\n\t\t\t\t<\/div>\n\t\t\t\t<div class=\"elementor-element elementor-element-3bcf4a0 elementor-grid-4 elementor-grid-tablet-2 elementor-grid-mobile-1 elementor-posts--thumbnail-top elementor-widget elementor-widget-posts\" data-id=\"3bcf4a0\" data-element_type=\"widget\" data-settings=\"{&quot;classic_columns&quot;:&quot;4&quot;,&quot;classic_columns_tablet&quot;:&quot;2&quot;,&quot;classic_columns_mobile&quot;:&quot;1&quot;,&quot;classic_row_gap&quot;:{&quot;unit&quot;:&quot;px&quot;,&quot;size&quot;:35,&quot;sizes&quot;:[]},&quot;classic_row_gap_tablet&quot;:{&quot;unit&quot;:&quot;px&quot;,&quot;size&quot;:&quot;&quot;,&quot;sizes&quot;:[]},&quot;classic_row_gap_mobile&quot;:{&quot;unit&quot;:&quot;px&quot;,&quot;size&quot;:&quot;&quot;,&quot;sizes&quot;:[]}}\" data-widget_type=\"posts.classic\">\n\t\t\t\t<div class=\"elementor-widget-container\">\n\t\t\t\t\t\t\t<div class=\"elementor-posts-container elementor-posts elementor-posts--skin-classic elementor-grid\" role=\"list\">\n\t\t\t\t<article class=\"elementor-post elementor-grid-item post-20493 post type-post status-publish format-standard has-post-thumbnail hentry category-sin-categoria-en tag-entradas tag-valenciagp\" role=\"listitem\">\n\t\t\t\t<a class=\"elementor-post__thumbnail__link\" href=\"https:\/\/www.circuitricardotormo.com\/en\/black-friday-compra-tu-entrada-del-valenciagp-2022-con-el-15-de-descuento\/\" tabindex=\"-1\">\n\t\t\t<div class=\"elementor-post__thumbnail\"><img loading=\"lazy\" decoding=\"async\" width=\"300\" height=\"116\" src=\"https:\/\/www.circuitricardotormo.com\/wp-content\/uploads\/2022\/04\/slide-Black-Friday-Circuit-ValenciaGP-Tabla_Black-16.9-300x116.png\" class=\"attachment-medium size-medium wp-image-15920\" alt=\"\" srcset=\"https:\/\/binn.wpenginepowered.com\/wp-content\/uploads\/2022\/04\/slide-Black-Friday-Circuit-ValenciaGP-Tabla_Black-16.9-300x116.png 300w, https:\/\/binn.wpenginepowered.com\/wp-content\/uploads\/2022\/04\/slide-Black-Friday-Circuit-ValenciaGP-Tabla_Black-16.9-1024x396.png 1024w, https:\/\/binn.wpenginepowered.com\/wp-content\/uploads\/2022\/04\/slide-Black-Friday-Circuit-ValenciaGP-Tabla_Black-16.9-768x297.png 768w, https:\/\/binn.wpenginepowered.com\/wp-content\/uploads\/2022\/04\/slide-Black-Friday-Circuit-ValenciaGP-Tabla_Black-16.9-1536x595.png 1536w, https:\/\/binn.wpenginepowered.com\/wp-content\/uploads\/2022\/04\/slide-Black-Friday-Circuit-ValenciaGP-Tabla_Black-16.9-2048x793.png 2048w\" sizes=\"(max-width: 300px) 100vw, 300px\" \/><\/div>\n\t\t<\/a>\n\t\t\t\t<div class=\"elementor-post__text\">\n\t\t\t\t<h3 class=\"elementor-post__title\">\n\t\t\t<a href=\"https:\/\/www.circuitricardotormo.com\/en\/black-friday-compra-tu-entrada-del-valenciagp-2022-con-el-15-de-descuento\/\">\n\t\t\t\tBlack Friday, buy your ValenciaGP 2022 ticket with a 15% discount!\t\t\t<\/a>\n\t\t<\/h3>\n\t\t\t\t<div class=\"elementor-post__meta-data\">\n\t\t\t\t\t<span class=\"elementor-post-date\">\n\t\t\tNovember 25, 2021\t\t<\/span>\n\t\t\t\t<\/div>\n\t\t\t\t<div class=\"elementor-post__excerpt\">\n\t\t\t<p>Buy your ticket to come to the Gran Premio Motul de la Comunitat Valenciana 2022 during Black Friday with a 15 % discount The 2022 Motorcycle Road Racing World Championship will hold its<\/p>\n\t\t<\/div>\n\t\t\t\t<\/div>\n\t\t\t\t<\/article>\n\t\t\t\t<article class=\"elementor-post elementor-grid-item post-20487 post type-post status-publish format-standard has-post-thumbnail hentry category-noticias-en category-sin-categoria-en tag-cheste tag-valenciagp\" role=\"listitem\">\n\t\t\t\t<a class=\"elementor-post__thumbnail__link\" href=\"https:\/\/www.circuitricardotormo.com\/en\/valenciagp-accesses-2021\/\" tabindex=\"-1\">\n\t\t\t<div class=\"elementor-post__thumbnail\"><img loading=\"lazy\" decoding=\"async\" width=\"300\" height=\"200\" src=\"https:\/\/www.circuitricardotormo.com\/wp-content\/uploads\/2022\/04\/Accesos-300x200.jpg\" class=\"attachment-medium size-medium wp-image-15691\" alt=\"\" srcset=\"https:\/\/binn.wpenginepowered.com\/wp-content\/uploads\/2022\/04\/Accesos-300x200.jpg 300w, https:\/\/binn.wpenginepowered.com\/wp-content\/uploads\/2022\/04\/Accesos-1024x683.jpg 1024w, https:\/\/binn.wpenginepowered.com\/wp-content\/uploads\/2022\/04\/Accesos-768x512.jpg 768w, https:\/\/binn.wpenginepowered.com\/wp-content\/uploads\/2022\/04\/Accesos-1536x1024.jpg 1536w, https:\/\/binn.wpenginepowered.com\/wp-content\/uploads\/2022\/04\/Accesos.jpg 1680w\" sizes=\"(max-width: 300px) 100vw, 300px\" \/><\/div>\n\t\t<\/a>\n\t\t\t\t<div class=\"elementor-post__text\">\n\t\t\t\t<h3 class=\"elementor-post__title\">\n\t\t\t<a href=\"https:\/\/www.circuitricardotormo.com\/en\/valenciagp-accesses-2021\/\">\n\t\t\t\t#ValenciaGP accesses 2021\t\t\t<\/a>\n\t\t<\/h3>\n\t\t\t\t<div class=\"elementor-post__meta-data\">\n\t\t\t\t\t<span class=\"elementor-post-date\">\n\t\t\tNovember 10, 2021\t\t<\/span>\n\t\t\t\t<\/div>\n\t\t\t\t<div class=\"elementor-post__excerpt\">\n\t\t\t<p>The Ricardo Tormo circuit is holding the #ValenciaGP on 12, 13 and 14 November. As you know, this is an event with a considerable influx of public, so you have to prepare your<\/p>\n\t\t<\/div>\n\t\t\t\t<\/div>\n\t\t\t\t<\/article>\n\t\t\t\t<article class=\"elementor-post elementor-grid-item post-20486 post type-post status-publish format-standard has-post-thumbnail hentry category-sin-categoria-en tag-valenciagp\" role=\"listitem\">\n\t\t\t\t<a class=\"elementor-post__thumbnail__link\" href=\"https:\/\/www.circuitricardotormo.com\/en\/normas-covid-valenciagp-2021\/\" tabindex=\"-1\">\n\t\t\t<div class=\"elementor-post__thumbnail\"><img loading=\"lazy\" decoding=\"async\" width=\"300\" height=\"179\" src=\"https:\/\/www.circuitricardotormo.com\/wp-content\/uploads\/2022\/03\/publico-CircuitValencia-ValenciaGP-Gran-Premio-de-la-Comunitat-Valenciana-MotoGP-300x179.jpg\" class=\"attachment-medium size-medium wp-image-5678\" alt=\"\" srcset=\"https:\/\/binn.wpenginepowered.com\/wp-content\/uploads\/2022\/03\/publico-CircuitValencia-ValenciaGP-Gran-Premio-de-la-Comunitat-Valenciana-MotoGP-300x179.jpg 300w, https:\/\/binn.wpenginepowered.com\/wp-content\/uploads\/2022\/03\/publico-CircuitValencia-ValenciaGP-Gran-Premio-de-la-Comunitat-Valenciana-MotoGP-1024x613.jpg 1024w, https:\/\/binn.wpenginepowered.com\/wp-content\/uploads\/2022\/03\/publico-CircuitValencia-ValenciaGP-Gran-Premio-de-la-Comunitat-Valenciana-MotoGP-768x459.jpg 768w, https:\/\/binn.wpenginepowered.com\/wp-content\/uploads\/2022\/03\/publico-CircuitValencia-ValenciaGP-Gran-Premio-de-la-Comunitat-Valenciana-MotoGP.jpg 1135w\" sizes=\"(max-width: 300px) 100vw, 300px\" \/><\/div>\n\t\t<\/a>\n\t\t\t\t<div class=\"elementor-post__text\">\n\t\t\t\t<h3 class=\"elementor-post__title\">\n\t\t\t<a href=\"https:\/\/www.circuitricardotormo.com\/en\/normas-covid-valenciagp-2021\/\">\n\t\t\t\tCOVID Restrictions ValenciaGP 2021\t\t\t<\/a>\n\t\t<\/h3>\n\t\t\t\t<div class=\"elementor-post__meta-data\">\n\t\t\t\t\t<span class=\"elementor-post-date\">\n\t\t\tOctober 20, 2021\t\t<\/span>\n\t\t\t\t<\/div>\n\t\t\t\t<div class=\"elementor-post__excerpt\">\n\t\t\t<p>RESOLUTION October 8, 2021, of the Councilor for Universal and Public Health. It is compulsory to wear a face mask while at the event (including the toilet area), as well as when entering<\/p>\n\t\t<\/div>\n\t\t\t\t<\/div>\n\t\t\t\t<\/article>\n\t\t\t\t<article class=\"elementor-post elementor-grid-item post-20485 post type-post status-publish format-standard has-post-thumbnail hentry category-noticias-en tag-entradas tag-motogp tag-valenciagp\" role=\"listitem\">\n\t\t\t\t<a class=\"elementor-post__thumbnail__link\" href=\"https:\/\/www.circuitricardotormo.com\/en\/circuit-ricardo-tormo-will-reactivate-the-valenciagp-tickets-sales-on-october-25\/\" tabindex=\"-1\">\n\t\t\t<div class=\"elementor-post__thumbnail\"><img loading=\"lazy\" decoding=\"async\" width=\"300\" height=\"200\" src=\"https:\/\/www.circuitricardotormo.com\/wp-content\/uploads\/2022\/04\/Marc-Marquez-Curvonne-OK-300x200.jpg\" class=\"attachment-medium size-medium wp-image-15637\" alt=\"\" srcset=\"https:\/\/binn.wpenginepowered.com\/wp-content\/uploads\/2022\/04\/Marc-Marquez-Curvonne-OK-300x200.jpg 300w, https:\/\/binn.wpenginepowered.com\/wp-content\/uploads\/2022\/04\/Marc-Marquez-Curvonne-OK-1024x682.jpg 1024w, https:\/\/binn.wpenginepowered.com\/wp-content\/uploads\/2022\/04\/Marc-Marquez-Curvonne-OK-768x512.jpg 768w, https:\/\/binn.wpenginepowered.com\/wp-content\/uploads\/2022\/04\/Marc-Marquez-Curvonne-OK.jpg 1376w\" sizes=\"(max-width: 300px) 100vw, 300px\" \/><\/div>\n\t\t<\/a>\n\t\t\t\t<div class=\"elementor-post__text\">\n\t\t\t\t<h3 class=\"elementor-post__title\">\n\t\t\t<a href=\"https:\/\/www.circuitricardotormo.com\/en\/circuit-ricardo-tormo-will-reactivate-the-valenciagp-tickets-sales-on-october-25\/\">\n\t\t\t\tCircuit Ricardo Tormo will reactivate the ValenciaGP tickets sales on October 25\t\t\t<\/a>\n\t\t<\/h3>\n\t\t\t\t<div class=\"elementor-post__meta-data\">\n\t\t\t\t\t<span class=\"elementor-post-date\">\n\t\t\tOctober 13, 2021\t\t<\/span>\n\t\t\t\t<\/div>\n\t\t\t\t<div class=\"elementor-post__excerpt\">\n\t\t\t<p>Circuit Ricardo Tormo will reactivate the ValenciaGP tickets sales on October 25 Circuit Ricardo Tormo will reactivate the Gran Premio Motul de la Comunitat Valenciana tickets slaes on October 25 at 12:00 noon<\/p>\n\t\t<\/div>\n\t\t\t\t<\/div>\n\t\t\t\t<\/article>\n\t\t\t\t<\/div>\n\t\t\n\t\t\t\t\t\t<\/div>\n\t\t\t\t<\/div>\n\t\t\t\t<div class=\"elementor-element elementor-element-28cd47c elementor-align-center elementor-widget elementor-widget-button\" data-id=\"28cd47c\" data-element_type=\"widget\" data-widget_type=\"button.default\">\n\t\t\t\t<div class=\"elementor-widget-container\">\n\t\t\t\t\t\t\t\t\t<div class=\"elementor-button-wrapper\">\n\t\t\t\t\t<a class=\"elementor-button elementor-button-link elementor-size-sm\" href=\"https:\/\/entradas.circuitvalencia.com\/circuitvalencia\/events\" target=\"_blank\" rel=\"noopener\">\n\t\t\t\t\t\t<span class=\"elementor-button-content-wrapper\">\n\t\t\t\t\t\t\t\t\t<span class=\"elementor-button-text\">2025 Tickets<\/span>\n\t\t\t\t\t<\/span>\n\t\t\t\t\t<\/a>\n\t\t\t\t<\/div>\n\t\t\t\t\t\t\t\t<\/div>\n\t\t\t\t<\/div>\n\t\t\t\t\t<\/div>\n\t\t<\/div>\n\t\t\t\t\t<\/div>\n\t\t<\/section>\n\t\t\t\t<section class=\"elementor-section elementor-top-section elementor-element elementor-element-86e46eb elementor-section-boxed elementor-section-height-default elementor-section-height-default\" data-id=\"86e46eb\" data-element_type=\"section\" data-settings=\"{&quot;jet_parallax_layout_list&quot;:[]}\">\n\t\t\t\t\t\t<div class=\"elementor-container elementor-column-gap-default\">\n\t\t\t\t\t<div class=\"elementor-column elementor-col-100 elementor-top-column elementor-element elementor-element-aaae26e\" data-id=\"aaae26e\" data-element_type=\"column\">\n\t\t\t<div class=\"elementor-widget-wrap\">\n\t\t\t\t\t\t\t<\/div>\n\t\t<\/div>\n\t\t\t\t\t<\/div>\n\t\t<\/section>\n\t\t\t\t<\/div>\n\t\t","protected":false},"excerpt":{"rendered":"<p>The Motul Comunitat Valenciana Grand Prix will return to the Circuit Ricardo Tormo on 14, 15 and 16 November 2025. It will be, as always, the finishing touch to the 2025 MotoGP season. The Valencia track will decide the final Moto3, Moto2 and MotoGP classifications in a very special year that will mark the return [&hellip;]<\/p>\n","protected":false},"author":2,"featured_media":0,"parent":0,"menu_order":0,"comment_status":"closed","ping_status":"closed","template":"","meta":{"_acf_changed":false,"footnotes":""},"class_list":["post-32553","page","type-page","status-publish","hentry"],"acf":[],"_links":{"self":[{"href":"https:\/\/www.circuitricardotormo.com\/en\/wp-json\/wp\/v2\/pages\/32553","targetHints":{"allow":["GET"]}}],"collection":[{"href":"https:\/\/www.circuitricardotormo.com\/en\/wp-json\/wp\/v2\/pages"}],"about":[{"href":"https:\/\/www.circuitricardotormo.com\/en\/wp-json\/wp\/v2\/types\/page"}],"author":[{"embeddable":true,"href":"https:\/\/www.circuitricardotormo.com\/en\/wp-json\/wp\/v2\/users\/2"}],"replies":[{"embeddable":true,"href":"https:\/\/www.circuitricardotormo.com\/en\/wp-json\/wp\/v2\/comments?post=32553"}],"version-history":[{"count":0,"href":"https:\/\/www.circuitricardotormo.com\/en\/wp-json\/wp\/v2\/pages\/32553\/revisions"}],"wp:attachment":[{"href":"https:\/\/www.circuitricardotormo.com\/en\/wp-json\/wp\/v2\/media?parent=32553"}],"curies":[{"name":"wp","href":"https:\/\/api.w.org\/{rel}","templated":true}]}}